{"id":2,"date":"2022-12-30T07:09:42","date_gmt":"2022-12-30T06:09:42","guid":{"rendered":"https:\/\/www.textundgestalt.de\/?page_id=2"},"modified":"2023-07-18T04:51:29","modified_gmt":"2023-07-18T02:51:29","slug":"startseite","status":"publish","type":"page","link":"https:\/\/www.textundgestalt.de\/","title":{"rendered":"Startseite"},"content":{"rendered":"\t\t<div data-elementor-type=\"wp-page\" data-elementor-id=\"2\" class=\"elementor elementor-2\">\n\t\t\t\t\t\t\t\t\t<section class=\"elementor-section elementor-top-section elementor-element elementor-element-c240da2 elementor-section-height-full elementor-section-boxed elementor-section-height-default elementor-section-items-middle\" data-id=\"c240da2\" data-element_type=\"section\" id=\"cn-home\" data-settings=\"{&quot;background_background&quot;:&quot;classic&quot;}\">\n\t\t\t\t\t\t<div class=\"elementor-container elementor-column-gap-default\">\n\t\t\t\t\t<div class=\"elementor-column elementor-col-100 elementor-top-column elementor-element elementor-element-95bb279\" data-id=\"95bb279\" data-element_type=\"column\">\n\t\t\t<div class=\"elementor-widget-wrap elementor-element-populated\">\n\t\t\t\t\t\t\t\t<div class=\"elementor-element elementor-element-54f270a elementor-widget elementor-widget-heading\" data-id=\"54f270a\" data-element_type=\"widget\" data-widget_type=\"heading.default\">\n\t\t\t\t<div class=\"elementor-widget-container\">\n\t\t\t<style>\/*! elementor - v3.13.3 - 28-05-2023 *\/\n.elementor-heading-title{padding:0;margin:0;line-height:1}.elementor-widget-heading .elementor-heading-title[class*=elementor-size-]>a{color:inherit;font-size:inherit;line-height:inherit}.elementor-widget-heading .elementor-heading-title.elementor-size-small{font-size:15px}.elementor-widget-heading .elementor-heading-title.elementor-size-medium{font-size:19px}.elementor-widget-heading .elementor-heading-title.elementor-size-large{font-size:29px}.elementor-widget-heading .elementor-heading-title.elementor-size-xl{font-size:39px}.elementor-widget-heading .elementor-heading-title.elementor-size-xxl{font-size:59px}<\/style><h1 class=\"elementor-heading-title elementor-size-default\">DIALOG UND INSPIRATION<\/h1>\t\t<\/div>\n\t\t\t\t<\/div>\n\t\t\t\t<section class=\"elementor-section elementor-inner-section elementor-element elementor-element-4dbc33f elementor-section-boxed elementor-section-height-default elementor-section-height-default\" data-id=\"4dbc33f\" data-element_type=\"section\">\n\t\t\t\t\t\t<div class=\"elementor-container elementor-column-gap-default\">\n\t\t\t\t\t<div class=\"elementor-column elementor-col-50 elementor-inner-column elementor-element elementor-element-5c028a8\" data-id=\"5c028a8\" data-element_type=\"column\">\n\t\t\t<div class=\"elementor-widget-wrap elementor-element-populated\">\n\t\t\t\t\t\t\t\t<div class=\"elementor-element elementor-element-6f584b0 elementor-widget elementor-widget-heading\" data-id=\"6f584b0\" data-element_type=\"widget\" data-widget_type=\"heading.default\">\n\t\t\t\t<div class=\"elementor-widget-container\">\n\t\t\t<h3 class=\"elementor-heading-title elementor-size-default\">INTROVISION:<\/h3>\t\t<\/div>\n\t\t\t\t<\/div>\n\t\t\t\t<div class=\"elementor-element elementor-element-ab209d5 elementor-widget elementor-widget-text-editor\" data-id=\"ab209d5\" data-element_type=\"widget\" data-widget_type=\"text-editor.default\">\n\t\t\t\t<div class=\"elementor-widget-container\">\n\t\t\t<style>\/*! elementor - v3.13.3 - 28-05-2023 *\/\n.elementor-widget-text-editor.elementor-drop-cap-view-stacked .elementor-drop-cap{background-color:#69727d;color:#fff}.elementor-widget-text-editor.elementor-drop-cap-view-framed .elementor-drop-cap{color:#69727d;border:3px solid;background-color:transparent}.elementor-widget-text-editor:not(.elementor-drop-cap-view-default) .elementor-drop-cap{margin-top:8px}.elementor-widget-text-editor:not(.elementor-drop-cap-view-default) .elementor-drop-cap-letter{width:1em;height:1em}.elementor-widget-text-editor .elementor-drop-cap{float:left;text-align:center;line-height:1;font-size:50px}.elementor-widget-text-editor .elementor-drop-cap-letter{display:inline-block}<\/style>\t\t\t\t<ul>\n<li>wenn Ver\u00e4nderungen in den Blick genommen werden wollen<\/li>\n<li>wenn wichtige Entscheidungen anstehen<\/li>\n<li>wenn Gelassenheit wachsen m\u00f6chte\u00a0<\/li>\n<li>damit ich immer mehr Gestalterin meines Lebens werde.<\/li>\n<\/ul>\t\t\t\t\t\t<\/div>\n\t\t\t\t<\/div>\n\t\t\t\t\t<\/div>\n\t\t<\/div>\n\t\t\t\t<div class=\"elementor-column elementor-col-50 elementor-inner-column elementor-element elementor-element-cfdae5e\" data-id=\"cfdae5e\" data-element_type=\"column\">\n\t\t\t<div class=\"elementor-widget-wrap elementor-element-populated\">\n\t\t\t\t\t\t\t\t<div class=\"elementor-element elementor-element-ba34321 elementor-widget elementor-widget-heading\" data-id=\"ba34321\" data-element_type=\"widget\" data-widget_type=\"heading.default\">\n\t\t\t\t<div class=\"elementor-widget-container\">\n\t\t\t<h2 class=\"elementor-heading-title elementor-size-default\">Im Gespr\u00e4ch neue Wege gehen, L\u00f6sungen finden oder einfach bereichert sein. Dialog und Inspiration, zwei Qualit\u00e4ten, die ver\u00e4ndern. Dialog miteinander oder mit mir selbst. Inspiration von au\u00dfen oder die in mir angelegte Kreativit\u00e4t wachsen lassen. Das biete ich mit der INTROVISION an.<\/h2>\t\t<\/div>\n\t\t\t\t<\/div>\n\t\t\t\t\t<\/div>\n\t\t<\/div>\n\t\t\t\t\t\t\t<\/div>\n\t\t<\/section>\n\t\t\t\t\t<\/div>\n\t\t<\/div>\n\t\t\t\t\t\t\t<\/div>\n\t\t<\/section>\n\t\t\t\t<section class=\"elementor-section elementor-top-section elementor-element elementor-element-4f2fb1c elementor-section-height-full elementor-section-boxed elementor-section-height-default elementor-section-items-middle\" data-id=\"4f2fb1c\" data-element_type=\"section\" id=\"cn-introvision\" data-settings=\"{&quot;background_background&quot;:&quot;classic&quot;}\">\n\t\t\t\t\t\t<div class=\"elementor-container elementor-column-gap-default\">\n\t\t\t\t\t<div class=\"elementor-column elementor-col-100 elementor-top-column elementor-element elementor-element-ae1eccd\" data-id=\"ae1eccd\" data-element_type=\"column\">\n\t\t\t<div class=\"elementor-widget-wrap elementor-element-populated\">\n\t\t\t\t\t\t\t\t<div class=\"elementor-element elementor-element-abc05c9 elementor-widget elementor-widget-heading\" data-id=\"abc05c9\" data-element_type=\"widget\" data-widget_type=\"heading.default\">\n\t\t\t\t<div class=\"elementor-widget-container\">\n\t\t\t<h1 class=\"elementor-heading-title elementor-size-default\">Introvision<\/h1>\t\t<\/div>\n\t\t\t\t<\/div>\n\t\t<div class=\"elementor-element elementor-element-a68e593 e-con-full e-flex e-con\" data-id=\"a68e593\" data-element_type=\"container\" data-settings=\"{&quot;background_background&quot;:&quot;classic&quot;,&quot;content_width&quot;:&quot;full&quot;}\">\n\t\t<div class=\"elementor-element elementor-element-ef010cf e-con-full e-flex e-con\" data-id=\"ef010cf\" data-element_type=\"container\" data-settings=\"{&quot;content_width&quot;:&quot;full&quot;}\">\n\t\t\t\t<div class=\"elementor-element elementor-element-268d10d elementor-widget elementor-widget-heading\" data-id=\"268d10d\" data-element_type=\"widget\" data-widget_type=\"heading.default\">\n\t\t\t\t<div class=\"elementor-widget-container\">\n\t\t\t<h2 class=\"elementor-heading-title elementor-size-default\">Introvision bedeutet Gelassenheit, klare Entscheidungen treffen und in Stresssituationen entspannt reagieren k\u00f6nnen. K\u00f6rperliche Anspannung abbauen und sich selbst tiefer verstehen \u2013 das steckt hinter dem Wort Introvision \u2013 Innenschau. Die Introvision als Methode mentaler Selbstregulation, hat ihren Ursprung an der Universit\u00e4t Hamburg. Prof. Dr. Angelika C. Wagner erforscht Theorie und Praxis psychologischer Prozesse, die zu mehr Gelassenheit f\u00fchren, seit mehr als 40 Jahren und entwickelt sie st\u00e4ndig weiter.\nDas Herzst\u00fcck der Introvision, das Konstatierende Aufmerksame Wahrnehmen (KAW) ist alltagstauglich, wirksam und erlernbar.\nFundierte empirische Untersuchungen belegen, dass die Introvision positiv wirkt zum Beispiel bei chronischen Verspannungen, Tinnitus, anhaltender Stress und Unruhe, Schreib- und Sprechblockaden, Entscheidungsunf\u00e4higkeit, wenn Perfektionismus zur Blockade wird, der Verbesserung der H\u00f6rf\u00e4higkeit, Lernblockaden und Pr\u00fcfungsangst, in Lebens\u00fcberg\u00e4ngen.<\/h2>\t\t<\/div>\n\t\t\t\t<\/div>\n\t\t\t\t<\/div>\n\t\t<div class=\"elementor-element elementor-element-8f3c028 e-con-full e-flex e-con\" data-id=\"8f3c028\" data-element_type=\"container\" data-settings=\"{&quot;content_width&quot;:&quot;full&quot;}\">\n\t\t\t\t<div class=\"elementor-element elementor-element-16b8f77 elementor-widget elementor-widget-heading\" data-id=\"16b8f77\" data-element_type=\"widget\" data-widget_type=\"heading.default\">\n\t\t\t\t<div class=\"elementor-widget-container\">\n\t\t\t<h2 class=\"elementor-heading-title elementor-size-default\">Ich bin ausgebildete und zertifizierte Introvisionsberaterin nach Angelika C. Wagner. Damit kann ich Sie zum einen fundiert in Methoden der Entspannung und Gelassenheit einf\u00fchren. Zum anderen berate ich mit der Haltung der Introvision, um mit Ihnen tief liegenden Konflikten auf die Spur zu kommen. Introvisionsberatung f\u00fchrt zum Abbau von Blockaden, zu sp\u00fcrbarer Entspannung und nachhaltig zu Gelassenheit.\nVerabreden Sie mit mir ein Einzelgespr\u00e4ch. Neugierig geworden? Ich stelle die Introvision gerne im Rahmen eines individuellen Konzeptes in Ihrer Einrichtung oder Ihrem Unternehmen vor.<\/h2>\t\t<\/div>\n\t\t\t\t<\/div>\n\t\t\t\t<div class=\"elementor-element elementor-element-3c23e14 elementor-widget__width-auto elementor-widget elementor-widget-heading\" data-id=\"3c23e14\" data-element_type=\"widget\" data-widget_type=\"heading.default\">\n\t\t\t\t<div class=\"elementor-widget-container\">\n\t\t\t<h2 class=\"elementor-heading-title elementor-size-default\"><a href=\"https:\/\/www.introvision.de\">Bundesverband Introvision <\/a><\/h2>\t\t<\/div>\n\t\t\t\t<\/div>\n\t\t\t\t<div class=\"elementor-element elementor-element-abbdcb0 elementor-widget__width-auto elementor-widget elementor-widget-heading\" data-id=\"abbdcb0\" data-element_type=\"widget\" data-widget_type=\"heading.default\">\n\t\t\t\t<div class=\"elementor-widget-container\">\n\t\t\t<h2 class=\"elementor-heading-title elementor-size-default\"><a href=\"https:\/\/www.introvision.uni-hamburg.de\/forschung.html\">Forschungsgruppe Introvision <\/a><\/h2>\t\t<\/div>\n\t\t\t\t<\/div>\n\t\t\t\t<div class=\"elementor-element elementor-element-6f6f23f elementor-widget__width-auto elementor-widget elementor-widget-heading\" data-id=\"6f6f23f\" data-element_type=\"widget\" data-widget_type=\"heading.default\">\n\t\t\t\t<div class=\"elementor-widget-container\">\n\t\t\t<h2 class=\"elementor-heading-title elementor-size-default\"><a href=\"https:\/\/www.zfw.uni-hamburg.de\/weiterbildung\/gesundheit-psychologie-kriminologie\/introvision.html\">Zentrum f\u00fcr Weiterbildung der Universit\u00e4t Hamburg \u2013 ZfW <\/a><\/h2>\t\t<\/div>\n\t\t\t\t<\/div>\n\t\t\t\t<\/div>\n\t\t\t\t<\/div>\n\t\t\t\t\t<\/div>\n\t\t<\/div>\n\t\t\t\t\t\t\t<\/div>\n\t\t<\/section>\n\t\t\t\t<section class=\"elementor-section elementor-top-section elementor-element elementor-element-8df5af0 elementor-section-height-full elementor-section-full_width elementor-section-height-default elementor-section-items-middle\" data-id=\"8df5af0\" data-element_type=\"section\" data-settings=\"{&quot;background_background&quot;:&quot;classic&quot;}\">\n\t\t\t\t\t\t<div class=\"elementor-container elementor-column-gap-default\">\n\t\t\t\t\t<div class=\"elementor-column elementor-col-100 elementor-top-column elementor-element elementor-element-2a823fd\" data-id=\"2a823fd\" data-element_type=\"column\">\n\t\t\t<div class=\"elementor-widget-wrap elementor-element-populated\">\n\t\t\t\t\t\t\t\t<div class=\"elementor-element elementor-element-e4355c8 elementor-widget elementor-widget-heading\" data-id=\"e4355c8\" data-element_type=\"widget\" data-widget_type=\"heading.default\">\n\t\t\t\t<div class=\"elementor-widget-container\">\n\t\t\t<h1 class=\"elementor-heading-title elementor-size-default\">\u00dcber mich<\/h1>\t\t<\/div>\n\t\t\t\t<\/div>\n\t\t\t\t<section class=\"elementor-section elementor-inner-section elementor-element elementor-element-cc5ae20 elementor-section-full_width elementor-section-height-default elementor-section-height-default\" data-id=\"cc5ae20\" data-element_type=\"section\">\n\t\t\t\t\t\t<div class=\"elementor-container elementor-column-gap-default\">\n\t\t\t\t\t<div class=\"elementor-column elementor-col-50 elementor-inner-column elementor-element elementor-element-5308eef\" data-id=\"5308eef\" data-element_type=\"column\">\n\t\t\t<div class=\"elementor-widget-wrap\">\n\t\t\t\t\t\t\t\t\t<\/div>\n\t\t<\/div>\n\t\t\t\t<div class=\"elementor-column elementor-col-50 elementor-inner-column elementor-element elementor-element-2a70826\" data-id=\"2a70826\" data-element_type=\"column\">\n\t\t\t<div class=\"elementor-widget-wrap elementor-element-populated\">\n\t\t\t\t\t\t<div class=\"elementor-element elementor-element-21f07a5 e-con-full e-flex e-con\" data-id=\"21f07a5\" data-element_type=\"container\" data-settings=\"{&quot;content_width&quot;:&quot;full&quot;}\">\n\t\t\t\t<div class=\"elementor-element elementor-element-856b7fe elementor-widget elementor-widget-accordion\" data-id=\"856b7fe\" data-element_type=\"widget\" data-widget_type=\"accordion.default\">\n\t\t\t\t<div class=\"elementor-widget-container\">\n\t\t\t<style>\/*! elementor - v3.13.3 - 28-05-2023 *\/\n.elementor-accordion{text-align:left}.elementor-accordion .elementor-accordion-item{border:1px solid #d5d8dc}.elementor-accordion .elementor-accordion-item+.elementor-accordion-item{border-top:none}.elementor-accordion .elementor-tab-title{margin:0;padding:15px 20px;font-weight:700;line-height:1;cursor:pointer;outline:none}.elementor-accordion .elementor-tab-title .elementor-accordion-icon{display:inline-block;width:1.5em}.elementor-accordion .elementor-tab-title .elementor-accordion-icon svg{width:1em;height:1em}.elementor-accordion .elementor-tab-title .elementor-accordion-icon.elementor-accordion-icon-right{float:right;text-align:right}.elementor-accordion .elementor-tab-title .elementor-accordion-icon.elementor-accordion-icon-left{float:left;text-align:left}.elementor-accordion .elementor-tab-title .elementor-accordion-icon .elementor-accordion-icon-closed{display:block}.elementor-accordion .elementor-tab-title .elementor-accordion-icon .elementor-accordion-icon-opened,.elementor-accordion .elementor-tab-title.elementor-active .elementor-accordion-icon-closed{display:none}.elementor-accordion .elementor-tab-title.elementor-active .elementor-accordion-icon-opened{display:block}.elementor-accordion .elementor-tab-content{display:none;padding:15px 20px;border-top:1px solid #d5d8dc}@media (max-width:767px){.elementor-accordion .elementor-tab-title{padding:12px 15px}.elementor-accordion .elementor-tab-title .elementor-accordion-icon{width:1.2em}.elementor-accordion .elementor-tab-content{padding:7px 15px}}.e-con-inner>.elementor-widget-accordion,.e-con>.elementor-widget-accordion{width:var(--container-widget-width);--flex-grow:var(--container-widget-flex-grow)}<\/style>\t\t<div class=\"elementor-accordion\" role=\"tablist\">\n\t\t\t\t\t\t\t<div class=\"elementor-accordion-item\">\n\t\t\t\t\t<div id=\"elementor-tab-title-1391\" class=\"elementor-tab-title\" data-tab=\"1\" role=\"tab\" aria-controls=\"elementor-tab-content-1391\" aria-expanded=\"false\">\n\t\t\t\t\t\t\t\t\t\t\t\t<a class=\"elementor-accordion-title\" href=\"\">LEBEN<\/a>\n\t\t\t\t\t<\/div>\n\t\t\t\t\t<div id=\"elementor-tab-content-1391\" class=\"elementor-tab-content elementor-clearfix\" data-tab=\"1\" role=\"tabpanel\" aria-labelledby=\"elementor-tab-title-1391\"><p data-pm-slice=\"1 1 []\">Vom rheinischen Humor \u00fcber westf\u00e4lische Bodenst\u00e4ndigkeit, freigepustet von der Hamburger steifen Brise bis zur Weite der S\u00fcdheide. Das Leben hat mich in diesen Regionen gepr\u00e4gt. Aufgewachsen bin ich zwischen Wuppertal und Essen. Ich habe katholische Theologie mit dem Abschluss Diplom in M\u00fcnster studiert. In Hamburg konnte ich dann meine vielf\u00e4ltigen beruflichen Erfahrungen als Theologin, Seminarleiterin und Texterin entfalten. In der S\u00fcdheide gelang mir der Sprung in die Selbst\u00e4ndigkeit. Seit 2022 arbeite ich wieder als Angestellte. Ich leite das Schutzhaus f\u00fcr Frauen und Kinder in Gifhorn.<\/p><\/div>\n\t\t\t\t<\/div>\n\t\t\t\t\t\t\t<div class=\"elementor-accordion-item\">\n\t\t\t\t\t<div id=\"elementor-tab-title-1392\" class=\"elementor-tab-title\" data-tab=\"2\" role=\"tab\" aria-controls=\"elementor-tab-content-1392\" aria-expanded=\"false\">\n\t\t\t\t\t\t\t\t\t\t\t\t<a class=\"elementor-accordion-title\" href=\"\">BERUFSERFAHRUNG<\/a>\n\t\t\t\t\t<\/div>\n\t\t\t\t\t<div id=\"elementor-tab-content-1392\" class=\"elementor-tab-content elementor-clearfix\" data-tab=\"2\" role=\"tabpanel\" aria-labelledby=\"elementor-tab-title-1392\"><p data-pm-slice=\"1 1 []\">Meine Erfahrungen in der Arbeitswelt teilen sich in zwei Teile \u2013 die als Angestellte und die Freiberuflerin. F\u00fcr meine Arbeitgeber konnte ich zuverl\u00e4ssig dort meine Aufgaben erledigen, wo es in der vielf\u00e4ltigen kirchlichen Arbeit notwendig war: Gespr\u00e4che im seelsorgerischen Kontext f\u00fchren, Unterrichten \u2013 ob Schule, Gemeinde oder Erwachsenenbildung, Veranstaltungen vorbereiten vom Ferienlager bis zum Gottesdienst mit Fernseh\u00fcbertragung. Schreiben war ein Herzst\u00fcck meiner T\u00e4tigkeiten als Redakteurin und \u00d6ffentlichkeitsbeauftragte beim Verein Andere Zeiten e.V., als Texterin von Radioandachten oder Lektorin f\u00fcr kirchliche Ver\u00f6ffentlichungen. Kreativ unterwegs war ich als Mitarbeiterin f\u00fcr neue Konzepte pastoraler Arbeit und Bildungsangeboten f\u00fcr Erwachsene. Als Freiberuflicher habe ich einige dieser Aufgaben auf die eigene Kappe genommen. Denn meine Kunden wollten Geschriebenes, Konzepte, verantwortlich durchgef\u00fchrt Projektleitungen und Seminare. Ein Auszug meiner Kunden:<\/p><ul class=\"ProsemirrorEditor-list\"><li class=\"ProsemirrorEditor-listItem\" data-list-indent=\"1\" data-list-type=\"bulleted\"><p>TEUTLOFF Technische Akademie gGmbH, Braunschweig<\/p><\/li><li class=\"ProsemirrorEditor-listItem\" data-list-indent=\"1\" data-list-type=\"bulleted\"><p>Wolfsburg AG, Wolfsburg<\/p><\/li><li class=\"ProsemirrorEditor-listItem\" data-list-indent=\"1\" data-list-type=\"bulleted\"><p>Egon-Gmyrek-Stiftung, Gifhorn<\/p><\/li><li class=\"ProsemirrorEditor-listItem\" data-list-indent=\"1\" data-list-type=\"bulleted\"><p>Ludwig-Windthorst-Haus, Lingen<\/p><\/li><li class=\"ProsemirrorEditor-listItem\" data-list-indent=\"1\" data-list-type=\"bulleted\"><p>Caritasverband f\u00fcr die Stadt Castrop-Rauxel e.V.<\/p><\/li><li class=\"ProsemirrorEditor-listItem\" data-list-indent=\"1\" data-list-type=\"bulleted\"><p>Diakoniestation Gifhorn gGmbH<\/p><\/li><li class=\"ProsemirrorEditor-listItem\" data-list-indent=\"1\" data-list-type=\"bulleted\"><p>Diakonisches Werk des Ev.-luth. Kirchenkreises Gifhorn<\/p><\/li><li class=\"ProsemirrorEditor-listItem\" data-list-indent=\"1\" data-list-type=\"bulleted\"><p>Kirchenkreis Gifhorn<\/p><\/li><li class=\"ProsemirrorEditor-listItem\" data-list-indent=\"1\" data-list-type=\"bulleted\"><p>Regjo S\u00fcdostniedersachsen, Braunschweig<\/p><\/li><li class=\"ProsemirrorEditor-listItem\" data-list-indent=\"1\" data-list-type=\"bulleted\"><p>Braunschweiger Zeitung<\/p><\/li><li class=\"ProsemirrorEditor-listItem\" data-list-indent=\"1\" data-list-type=\"bulleted\"><p>LEB Niedersachsen e.V., Braunschweig<\/p><\/li><li class=\"ProsemirrorEditor-listItem\" data-list-indent=\"1\" data-list-type=\"bulleted\"><p>Rebmann Ma\u00dfkonfektion, Braunschweig<\/p><\/li><li class=\"ProsemirrorEditor-listItem\" data-list-indent=\"1\" data-list-type=\"bulleted\"><p>Gleichstellungsstelle Landkreis Gifhorn<\/p><\/li><li class=\"ProsemirrorEditor-listItem\" data-list-indent=\"1\" data-list-type=\"bulleted\"><p>DRK Gifhorn<\/p><\/li><\/ul><p>Eine T\u00e4tigkeit, in der sich f\u00fcr mich alles Gelernte und Erfahrene vereinen, habe ich Anfang 2022 angenommen. Als Leiterin des Schutzhauses f\u00fcr Frauen und Kinder bin ich das Frauenhaus in Gifhorn, die Beratungsstelle BISS und f\u00fcr die Kooperation mit den Kolleginnen von Dialog e.V. in verantwortlich.\u00a0<\/p><\/div>\n\t\t\t\t<\/div>\n\t\t\t\t\t\t\t\t\t\t<script type=\"application\/ld+json\">{\"@context\":\"https:\\\/\\\/schema.org\",\"@type\":\"FAQPage\",\"mainEntity\":[{\"@type\":\"Question\",\"name\":\"LEBEN\",\"acceptedAnswer\":{\"@type\":\"Answer\",\"text\":\"<p data-pm-slice=\\\"1 1 []\\\">Vom rheinischen Humor \\u00fcber westf\\u00e4lische Bodenst\\u00e4ndigkeit, freigepustet von der Hamburger steifen Brise bis zur Weite der S\\u00fcdheide. Das Leben hat mich in diesen Regionen gepr\\u00e4gt. Aufgewachsen bin ich zwischen Wuppertal und Essen. Ich habe katholische Theologie mit dem Abschluss Diplom in M\\u00fcnster studiert. In Hamburg konnte ich dann meine vielf\\u00e4ltigen beruflichen Erfahrungen als Theologin, Seminarleiterin und Texterin entfalten. In der S\\u00fcdheide gelang mir der Sprung in die Selbst\\u00e4ndigkeit. Seit 2022 arbeite ich wieder als Angestellte. Ich leite das Schutzhaus f\\u00fcr Frauen und Kinder in Gifhorn.<\\\/p>\"}},{\"@type\":\"Question\",\"name\":\"BERUFSERFAHRUNG\",\"acceptedAnswer\":{\"@type\":\"Answer\",\"text\":\"<p data-pm-slice=\\\"1 1 []\\\">Meine Erfahrungen in der Arbeitswelt teilen sich in zwei Teile \\u2013 die als Angestellte und die Freiberuflerin. F\\u00fcr meine Arbeitgeber konnte ich zuverl\\u00e4ssig dort meine Aufgaben erledigen, wo es in der vielf\\u00e4ltigen kirchlichen Arbeit notwendig war: Gespr\\u00e4che im seelsorgerischen Kontext f\\u00fchren, Unterrichten \\u2013 ob Schule, Gemeinde oder Erwachsenenbildung, Veranstaltungen vorbereiten vom Ferienlager bis zum Gottesdienst mit Fernseh\\u00fcbertragung. Schreiben war ein Herzst\\u00fcck meiner T\\u00e4tigkeiten als Redakteurin und \\u00d6ffentlichkeitsbeauftragte beim Verein Andere Zeiten e.V., als Texterin von Radioandachten oder Lektorin f\\u00fcr kirchliche Ver\\u00f6ffentlichungen. Kreativ unterwegs war ich als Mitarbeiterin f\\u00fcr neue Konzepte pastoraler Arbeit und Bildungsangeboten f\\u00fcr Erwachsene. Als Freiberuflicher habe ich einige dieser Aufgaben auf die eigene Kappe genommen. Denn meine Kunden wollten Geschriebenes, Konzepte, verantwortlich durchgef\\u00fchrt Projektleitungen und Seminare. Ein Auszug meiner Kunden:<\\\/p><ul class=\\\"ProsemirrorEditor-list\\\"><li class=\\\"ProsemirrorEditor-listItem\\\" data-list-indent=\\\"1\\\" data-list-type=\\\"bulleted\\\"><p>TEUTLOFF Technische Akademie gGmbH, Braunschweig<\\\/p><\\\/li><li class=\\\"ProsemirrorEditor-listItem\\\" data-list-indent=\\\"1\\\" data-list-type=\\\"bulleted\\\"><p>Wolfsburg AG, Wolfsburg<\\\/p><\\\/li><li class=\\\"ProsemirrorEditor-listItem\\\" data-list-indent=\\\"1\\\" data-list-type=\\\"bulleted\\\"><p>Egon-Gmyrek-Stiftung, Gifhorn<\\\/p><\\\/li><li class=\\\"ProsemirrorEditor-listItem\\\" data-list-indent=\\\"1\\\" data-list-type=\\\"bulleted\\\"><p>Ludwig-Windthorst-Haus, Lingen<\\\/p><\\\/li><li class=\\\"ProsemirrorEditor-listItem\\\" data-list-indent=\\\"1\\\" data-list-type=\\\"bulleted\\\"><p>Caritasverband f\\u00fcr die Stadt Castrop-Rauxel e.V.<\\\/p><\\\/li><li class=\\\"ProsemirrorEditor-listItem\\\" data-list-indent=\\\"1\\\" data-list-type=\\\"bulleted\\\"><p>Diakoniestation Gifhorn gGmbH<\\\/p><\\\/li><li class=\\\"ProsemirrorEditor-listItem\\\" data-list-indent=\\\"1\\\" data-list-type=\\\"bulleted\\\"><p>Diakonisches Werk des Ev.-luth. Kirchenkreises Gifhorn<\\\/p><\\\/li><li class=\\\"ProsemirrorEditor-listItem\\\" data-list-indent=\\\"1\\\" data-list-type=\\\"bulleted\\\"><p>Kirchenkreis Gifhorn<\\\/p><\\\/li><li class=\\\"ProsemirrorEditor-listItem\\\" data-list-indent=\\\"1\\\" data-list-type=\\\"bulleted\\\"><p>Regjo S\\u00fcdostniedersachsen, Braunschweig<\\\/p><\\\/li><li class=\\\"ProsemirrorEditor-listItem\\\" data-list-indent=\\\"1\\\" data-list-type=\\\"bulleted\\\"><p>Braunschweiger Zeitung<\\\/p><\\\/li><li class=\\\"ProsemirrorEditor-listItem\\\" data-list-indent=\\\"1\\\" data-list-type=\\\"bulleted\\\"><p>LEB Niedersachsen e.V., Braunschweig<\\\/p><\\\/li><li class=\\\"ProsemirrorEditor-listItem\\\" data-list-indent=\\\"1\\\" data-list-type=\\\"bulleted\\\"><p>Rebmann Ma\\u00dfkonfektion, Braunschweig<\\\/p><\\\/li><li class=\\\"ProsemirrorEditor-listItem\\\" data-list-indent=\\\"1\\\" data-list-type=\\\"bulleted\\\"><p>Gleichstellungsstelle Landkreis Gifhorn<\\\/p><\\\/li><li class=\\\"ProsemirrorEditor-listItem\\\" data-list-indent=\\\"1\\\" data-list-type=\\\"bulleted\\\"><p>DRK Gifhorn<\\\/p><\\\/li><\\\/ul><p>Eine T\\u00e4tigkeit, in der sich f\\u00fcr mich alles Gelernte und Erfahrene vereinen, habe ich Anfang 2022 angenommen. Als Leiterin des Schutzhauses f\\u00fcr Frauen und Kinder bin ich das Frauenhaus in Gifhorn, die Beratungsstelle BISS und f\\u00fcr die Kooperation mit den Kolleginnen von Dialog e.V. in verantwortlich.\\u00a0<\\\/p>\"}}]}<\/script>\n\t\t\t\t\t<\/div>\n\t\t\t\t<\/div>\n\t\t\t\t<\/div>\n\t\t\t\t<\/div>\n\t\t\t\t\t<\/div>\n\t\t<\/div>\n\t\t\t\t\t\t\t<\/div>\n\t\t<\/section>\n\t\t\t\t\t<\/div>\n\t\t<\/div>\n\t\t\t\t\t\t\t<\/div>\n\t\t<\/section>\n\t\t\t\t<section class=\"elementor-section elementor-top-section elementor-element elementor-element-ce87a3f elementor-section-height-full elementor-section-full_width elementor-section-height-default elementor-section-items-middle\" data-id=\"ce87a3f\" data-element_type=\"section\" id=\"cn-kontakt\" data-settings=\"{&quot;background_background&quot;:&quot;classic&quot;}\">\n\t\t\t\t\t\t<div class=\"elementor-container elementor-column-gap-default\">\n\t\t\t\t\t<div class=\"elementor-column elementor-col-100 elementor-top-column elementor-element elementor-element-3e9c693\" data-id=\"3e9c693\" data-element_type=\"column\">\n\t\t\t<div class=\"elementor-widget-wrap elementor-element-populated\">\n\t\t\t\t\t\t\t\t<div class=\"elementor-element elementor-element-cc96dc7 elementor-widget elementor-widget-heading\" data-id=\"cc96dc7\" data-element_type=\"widget\" data-widget_type=\"heading.default\">\n\t\t\t\t<div class=\"elementor-widget-container\">\n\t\t\t<h1 class=\"elementor-heading-title elementor-size-default\">Kontakt<\/h1>\t\t<\/div>\n\t\t\t\t<\/div>\n\t\t\t\t<div class=\"elementor-element elementor-element-682622a elementor-widget-divider--view-line elementor-widget elementor-widget-divider\" data-id=\"682622a\" data-element_type=\"widget\" data-widget_type=\"divider.default\">\n\t\t\t\t<div class=\"elementor-widget-container\">\n\t\t\t<style>\/*! elementor - v3.13.3 - 28-05-2023 *\/\n.elementor-widget-divider{--divider-border-style:none;--divider-border-width:1px;--divider-color:#0c0d0e;--divider-icon-size:20px;--divider-element-spacing:10px;--divider-pattern-height:24px;--divider-pattern-size:20px;--divider-pattern-url:none;--divider-pattern-repeat:repeat-x}.elementor-widget-divider .elementor-divider{display:flex}.elementor-widget-divider .elementor-divider__text{font-size:15px;line-height:1;max-width:95%}.elementor-widget-divider .elementor-divider__element{margin:0 var(--divider-element-spacing);flex-shrink:0}.elementor-widget-divider .elementor-icon{font-size:var(--divider-icon-size)}.elementor-widget-divider .elementor-divider-separator{display:flex;margin:0;direction:ltr}.elementor-widget-divider--view-line_icon .elementor-divider-separator,.elementor-widget-divider--view-line_text .elementor-divider-separator{align-items:center}.elementor-widget-divider--view-line_icon .elementor-divider-separator:after,.elementor-widget-divider--view-line_icon .elementor-divider-separator:before,.elementor-widget-divider--view-line_text .elementor-divider-separator:after,.elementor-widget-divider--view-line_text .elementor-divider-separator:before{display:block;content:\"\";border-bottom:0;flex-grow:1;border-top:var(--divider-border-width) var(--divider-border-style) var(--divider-color)}.elementor-widget-divider--element-align-left .elementor-divider .elementor-divider-separator>.elementor-divider__svg:first-of-type{flex-grow:0;flex-shrink:100}.elementor-widget-divider--element-align-left .elementor-divider-separator:before{content:none}.elementor-widget-divider--element-align-left .elementor-divider__element{margin-left:0}.elementor-widget-divider--element-align-right .elementor-divider .elementor-divider-separator>.elementor-divider__svg:last-of-type{flex-grow:0;flex-shrink:100}.elementor-widget-divider--element-align-right .elementor-divider-separator:after{content:none}.elementor-widget-divider--element-align-right .elementor-divider__element{margin-right:0}.elementor-widget-divider:not(.elementor-widget-divider--view-line_text):not(.elementor-widget-divider--view-line_icon) .elementor-divider-separator{border-top:var(--divider-border-width) var(--divider-border-style) var(--divider-color)}.elementor-widget-divider--separator-type-pattern{--divider-border-style:none}.elementor-widget-divider--separator-type-pattern.elementor-widget-divider--view-line .elementor-divider-separator,.elementor-widget-divider--separator-type-pattern:not(.elementor-widget-divider--view-line) .elementor-divider-separator:after,.elementor-widget-divider--separator-type-pattern:not(.elementor-widget-divider--view-line) .elementor-divider-separator:before,.elementor-widget-divider--separator-type-pattern:not([class*=elementor-widget-divider--view]) .elementor-divider-separator{width:100%;min-height:var(--divider-pattern-height);-webkit-mask-size:var(--divider-pattern-size) 100%;mask-size:var(--divider-pattern-size) 100%;-webkit-mask-repeat:var(--divider-pattern-repeat);mask-repeat:var(--divider-pattern-repeat);background-color:var(--divider-color);-webkit-mask-image:var(--divider-pattern-url);mask-image:var(--divider-pattern-url)}.elementor-widget-divider--no-spacing{--divider-pattern-size:auto}.elementor-widget-divider--bg-round{--divider-pattern-repeat:round}.rtl .elementor-widget-divider .elementor-divider__text{direction:rtl}.e-con-inner>.elementor-widget-divider,.e-con>.elementor-widget-divider{width:var(--container-widget-width,100%);--flex-grow:var(--container-widget-flex-grow)}<\/style>\t\t<div class=\"elementor-divider\">\n\t\t\t<span class=\"elementor-divider-separator\">\n\t\t\t\t\t\t<\/span>\n\t\t<\/div>\n\t\t\t\t<\/div>\n\t\t\t\t<\/div>\n\t\t\t\t<div class=\"elementor-element elementor-element-8448b5d elementor-widget elementor-widget-heading\" data-id=\"8448b5d\" data-element_type=\"widget\" data-widget_type=\"heading.default\">\n\t\t\t\t<div class=\"elementor-widget-container\">\n\t\t\t<span class=\"elementor-heading-title elementor-size-default\">NEHMEN SIE KONTAKT MIT MIR AUF - ICH FREUE MICH AUF SIE!<\/span>\t\t<\/div>\n\t\t\t\t<\/div>\n\t\t\t\t<div class=\"elementor-element elementor-element-858abfd elementor-widget elementor-widget-heading\" data-id=\"858abfd\" data-element_type=\"widget\" data-widget_type=\"heading.default\">\n\t\t\t\t<div class=\"elementor-widget-container\">\n\t\t\t<p class=\"elementor-heading-title elementor-size-default\">Rufen Sie mich an oder nutzen Sie das untere Formular f\u00fcr Ihre Kontaktaufnahme.<\/p>\t\t<\/div>\n\t\t\t\t<\/div>\n\t\t<div class=\"elementor-element elementor-element-284f06b e-con-boxed e-flex e-con\" data-id=\"284f06b\" data-element_type=\"container\" data-settings=\"{&quot;content_width&quot;:&quot;boxed&quot;}\">\n\t\t\t\t\t<div class=\"e-con-inner\">\n\t\t<div class=\"elementor-element elementor-element-b6d563e e-con-full e-flex e-con\" data-id=\"b6d563e\" data-element_type=\"container\" data-settings=\"{&quot;content_width&quot;:&quot;full&quot;}\">\n\t\t\t\t<div class=\"elementor-element elementor-element-068621e elementor-align-center elementor-icon-list--layout-traditional elementor-list-item-link-full_width elementor-widget elementor-widget-icon-list\" data-id=\"068621e\" data-element_type=\"widget\" data-widget_type=\"icon-list.default\">\n\t\t\t\t<div class=\"elementor-widget-container\">\n\t\t\t<link rel=\"stylesheet\" href=\"http:\/\/www.textundgestalt.de\/wp-content\/plugins\/elementor\/assets\/css\/widget-icon-list.min.css\">\t\t<ul class=\"elementor-icon-list-items\">\n\t\t\t\t\t\t\t<li class=\"elementor-icon-list-item\">\n\t\t\t\t\t\t\t\t\t\t\t<span class=\"elementor-icon-list-icon\">\n\t\t\t\t\t\t\t<i aria-hidden=\"true\" class=\"fas fa-map-marker-alt\"><\/i>\t\t\t\t\t\t<\/span>\n\t\t\t\t\t\t\t\t\t\t<span class=\"elementor-icon-list-text\"> Hillerser Stra\u00dfe 4, 38542 Leiferde\/Dalldorf<\/span>\n\t\t\t\t\t\t\t\t\t<\/li>\n\t\t\t\t\t\t<\/ul>\n\t\t\t\t<\/div>\n\t\t\t\t<\/div>\n\t\t\t\t<\/div>\n\t\t<div class=\"elementor-element elementor-element-6754a7f e-con-full e-flex e-con\" data-id=\"6754a7f\" data-element_type=\"container\" data-settings=\"{&quot;content_width&quot;:&quot;full&quot;}\">\n\t\t\t\t<div class=\"elementor-element elementor-element-f6598dc elementor-align-center elementor-icon-list--layout-traditional elementor-list-item-link-full_width elementor-widget elementor-widget-icon-list\" data-id=\"f6598dc\" data-element_type=\"widget\" data-widget_type=\"icon-list.default\">\n\t\t\t\t<div class=\"elementor-widget-container\">\n\t\t\t\t\t<ul class=\"elementor-icon-list-items\">\n\t\t\t\t\t\t\t<li class=\"elementor-icon-list-item\">\n\t\t\t\t\t\t\t\t\t\t\t<span class=\"elementor-icon-list-icon\">\n\t\t\t\t\t\t\t<i aria-hidden=\"true\" class=\"fas fa-phone-alt\"><\/i>\t\t\t\t\t\t<\/span>\n\t\t\t\t\t\t\t\t\t\t<span class=\"elementor-icon-list-text\">+ 05373 331640  <\/span>\n\t\t\t\t\t\t\t\t\t<\/li>\n\t\t\t\t\t\t\t\t<li class=\"elementor-icon-list-item\">\n\t\t\t\t\t\t\t\t\t\t\t<span class=\"elementor-icon-list-icon\">\n\t\t\t\t\t\t\t<i aria-hidden=\"true\" class=\"fas fa-phone-alt\"><\/i>\t\t\t\t\t\t<\/span>\n\t\t\t\t\t\t\t\t\t\t<span class=\"elementor-icon-list-text\">+ 0151 43100252<\/span>\n\t\t\t\t\t\t\t\t\t<\/li>\n\t\t\t\t\t\t<\/ul>\n\t\t\t\t<\/div>\n\t\t\t\t<\/div>\n\t\t\t\t<\/div>\n\t\t<div class=\"elementor-element elementor-element-b16b47b e-con-full e-flex e-con\" data-id=\"b16b47b\" data-element_type=\"container\" data-settings=\"{&quot;content_width&quot;:&quot;full&quot;}\">\n\t\t\t\t<div class=\"elementor-element elementor-element-09511ee elementor-align-center elementor-icon-list--layout-traditional elementor-list-item-link-full_width elementor-widget elementor-widget-icon-list\" data-id=\"09511ee\" data-element_type=\"widget\" data-widget_type=\"icon-list.default\">\n\t\t\t\t<div class=\"elementor-widget-container\">\n\t\t\t\t\t<ul class=\"elementor-icon-list-items\">\n\t\t\t\t\t\t\t<li class=\"elementor-icon-list-item\">\n\t\t\t\t\t\t\t\t\t\t\t<a href=\"mailto:post@textundgestalt.de\">\n\n\t\t\t\t\t\t\t\t\t\t\t\t<span class=\"elementor-icon-list-icon\">\n\t\t\t\t\t\t\t<i aria-hidden=\"true\" class=\"fas fa-envelope\"><\/i>\t\t\t\t\t\t<\/span>\n\t\t\t\t\t\t\t\t\t\t<span class=\"elementor-icon-list-text\">post@textundgestalt.de<\/span>\n\t\t\t\t\t\t\t\t\t\t\t<\/a>\n\t\t\t\t\t\t\t\t\t<\/li>\n\t\t\t\t\t\t<\/ul>\n\t\t\t\t<\/div>\n\t\t\t\t<\/div>\n\t\t\t\t<\/div>\n\t\t\t\t\t<\/div>\n\t\t\t\t<\/div>\n\t\t\t\t\t<\/div>\n\t\t<\/div>\n\t\t\t\t\t\t\t<\/div>\n\t\t<\/section>\n\t\t\t\t<section class=\"elementor-section elementor-top-section elementor-element elementor-element-9fa2af2 elementor-section-full_width elementor-section-height-default elementor-section-height-default\" data-id=\"9fa2af2\" data-element_type=\"section\" id=\"cn-impressum\" data-settings=\"{&quot;background_background&quot;:&quot;classic&quot;}\">\n\t\t\t\t\t\t<div class=\"elementor-container elementor-column-gap-no\">\n\t\t\t\t\t<div class=\"elementor-column elementor-col-100 elementor-top-column elementor-element elementor-element-60e9925\" data-id=\"60e9925\" data-element_type=\"column\">\n\t\t\t<div class=\"elementor-widget-wrap elementor-element-populated\">\n\t\t\t\t\t\t\t\t<div class=\"elementor-element elementor-element-6330213 elementor-widget elementor-widget-heading\" data-id=\"6330213\" data-element_type=\"widget\" data-widget_type=\"heading.default\">\n\t\t\t\t<div class=\"elementor-widget-container\">\n\t\t\t<h1 class=\"elementor-heading-title elementor-size-default\">Impressum<\/h1>\t\t<\/div>\n\t\t\t\t<\/div>\n\t\t<div class=\"elementor-element elementor-element-f5889ba e-con-boxed e-flex e-con\" data-id=\"f5889ba\" data-element_type=\"container\" data-settings=\"{&quot;content_width&quot;:&quot;boxed&quot;}\">\n\t\t\t\t\t<div class=\"e-con-inner\">\n\t\t<div class=\"elementor-element elementor-element-1a73c77 e-con-full e-flex e-con\" data-id=\"1a73c77\" data-element_type=\"container\" data-settings=\"{&quot;content_width&quot;:&quot;full&quot;}\">\n\t\t\t\t<div class=\"elementor-element elementor-element-573be75 elementor-widget elementor-widget-text-editor\" data-id=\"573be75\" data-element_type=\"widget\" data-widget_type=\"text-editor.default\">\n\t\t\t\t<div class=\"elementor-widget-container\">\n\t\t\t\t\t\t\t<div class=\"col-md-6 text-left\">\n<h6 class=\"lead\">Angaben gem\u00e4\u00df \u00a7 5 TMG:<\/h6>\nUlla Evers\nHillerser Stra\u00dfe 4\n38542 Leiferde\/Dalldorf\n\nwww.textundgestalt.de\npost@textundgestalt.de\n\nTel.: 05373 331640\nFax: 05373 3319223\n\n<\/div>\n<div class=\"col-md-6\">\n<h3>Quellenangaben f\u00fcr die verwendeten Bilder und Grafiken:<\/h3>\nfotolia.de\n\nQuelle:\u00a0<em><a href=\"http:\/\/www.e-recht24.de\/impressum-generator.html\" rel=\"nofollow\">http:\/\/www.e-recht24.de<\/a><\/em>\n\n<\/div>\n<div class=\"clearfix clear-columns\"><\/div>\n<div>\n<h5><\/h5>\n<h3>Haftungsausschluss (Disclaimer)<\/h3>\n<strong>Haftung f\u00fcr Inhalte<\/strong>\n<p class=\"text-justify\">Als Diensteanbieter sind wir gem\u00e4\u00df \u00a7 7 Abs.1 TMG f\u00fcr eigene Inhalte auf diesen Seiten nach den allgemeinen Gesetzen verantwortlich. Nach \u00a7\u00a7 8 bis 10 TMG sind wir als Diensteanbieter jedoch nicht verpflichtet, \u00fcbermittelte oder gespeicherte fremde Informationen zu \u00fcberwachen oder nach Umst\u00e4nden zu forschen, die auf eine rechtswidrige T\u00e4tigkeit hinweisen. Verpflichtungen zur Entfernung oder Sperrung der Nutzung von Informationen nach den allgemeinen Gesetzen bleiben hiervon unber\u00fchrt. Eine diesbez\u00fcgliche Haftung ist jedoch erst ab dem Zeitpunkt der Kenntnis einer konkreten Rechtsverletzung m\u00f6glich. Bei Bekanntwerden von entsprechenden Rechtsverletzungen werden wir diese Inhalte umgehend entfernen.<\/p>\n<strong>Haftung f\u00fcr Links<\/strong>\n<p class=\"text-justify\">Unser Angebot enth\u00e4lt Links zu externen Webseiten Dritter, auf deren Inhalte wir keinen Einfluss haben. Deshalb k\u00f6nnen wir f\u00fcr diese fremden Inhalte auch keine Gew\u00e4hr \u00fcbernehmen. F\u00fcr die Inhalte der verlinkten Seiten ist stets der jeweilige Anbieter oder Betreiber der Seiten verantwortlich. Die verlinkten Seiten wurden zum Zeitpunkt der Verlinkung auf m\u00f6gliche Rechtsverst\u00f6\u00dfe \u00fcberpr\u00fcft. Rechtswidrige Inhalte waren zum Zeitpunkt der Verlinkung nicht erkennbar. Eine permanente inhaltliche Kontrolle der verlinkten Seiten ist jedoch ohne konkrete Anhaltspunkte einer Rechtsverletzung nicht zumutbar. Bei Bekanntwerden von Rechtsverletzungen werden wir derartige Links umgehend entfernen.<\/p>\n<strong>Urheberrecht<\/strong>\n<p class=\"text-justify\">Die durch die Seitenbetreiber erstellten Inhalte und Werke auf diesen Seiten unterliegen dem deutschen Urheberrecht. Die Vervielf\u00e4ltigung, Bearbeitung, Verbreitung und jede Art der Verwertung au\u00dferhalb der Grenzen des Urheberrechtes bed\u00fcrfen der schriftlichen Zustimmung des jeweiligen Autors bzw. Erstellers. Downloads und Kopien dieser Seite sind nur f\u00fcr den privaten, nicht kommerziellen Gebrauch gestattet. Soweit die Inhalte auf dieser Seite nicht vom Betreiber erstellt wurden, werden die Urheberrechte Dritter beachtet. Insbesondere werden Inhalte Dritter als solche gekennzeichnet. Sollten Sie trotzdem auf eine Urheberrechtsverletzung aufmerksam werden, bitten wir um einen entsprechenden Hinweis. Bei Bekanntwerden von Rechtsverletzungen werden wir derartige Inhalte umgehend entfernen.<\/p>\n\n<\/div>\n<div class=\"ig_attention\"><\/div>\n<h5>Datenschutzerkl\u00e4rung:<\/h5>\n<h3 id=\"dsg-general-intro\"><\/h3>\nDiese Datenschutzerkl\u00e4rung kl\u00e4rt Sie \u00fcber die Art, den Umfang und Zweck der Verarbeitung von personenbezogenen Daten (nachfolgend kurz \u201eDaten\u201c) innerhalb unseres Onlineangebotes und der mit ihm verbundenen Webseiten, Funktionen und Inhalte sowie externen Onlinepr\u00e4senzen, wie z.B. unser Social Media Profile auf (nachfolgend gemeinsam bezeichnet als \u201eOnlineangebot\u201c). Im Hinblick auf die verwendeten Begrifflichkeiten, wie z.B. \u201eVerarbeitung\u201c oder \u201eVerantwortlicher\u201c verweisen wir auf die Definitionen im Art. 4 der Datenschutzgrundverordnung (DSGVO).\n<h3 id=\"dsg-general-controller\">Verantwortlicher<\/h3>\n<span class=\"tsmcontroller\">Ulla Evers\nHillerser Stra\u00dfe 4\n38542 Leiferde\/Dalldorf<\/span>\n\nwww.textundgestalt.de\npost@textundgestalt.de\n\nTel.: 05373 331640\nFax: 05373 3319223\n<h3 id=\"dsg-general-datatype\">Arten der verarbeiteten Daten:<\/h3>\n&#8211; Bestandsdaten (z.B., Namen, Adressen).\n&#8211; Kontaktdaten (z.B., E-Mail, Telefonnummern).\n&#8211; Inhaltsdaten (z.B., Texteingaben, Fotografien, Videos).\n&#8211; Nutzungsdaten (z.B., besuchte Webseiten, Interesse an Inhalten, Zugriffszeiten).\n&#8211; Meta-\/Kommunikationsdaten (z.B., Ger\u00e4te-Informationen, IP-Adressen).\n<h3 id=\"dsg-general-datasubjects\">Kategorien betroffener Personen<\/h3>\nBesucher und Nutzer des Onlineangebotes (Nachfolgend bezeichnen wir die betroffenen Personen zusammenfassend auch als \u201eNutzer\u201c).\n<h3 id=\"dsg-general-purpose\">Zweck der Verarbeitung<\/h3>\n&#8211; Zurverf\u00fcgungstellung des Onlineangebotes, seiner Funktionen und Inhalte.\n&#8211; Beantwortung von Kontaktanfragen und Kommunikation mit Nutzern.\n&#8211; Sicherheitsma\u00dfnahmen.\n&#8211; Reichweitenmessung\/Marketing\n<h3 id=\"dsg-general-terms\">Verwendete Begrifflichkeiten<\/h3>\n\u201ePersonenbezogene Daten\u201c sind alle Informationen, die sich auf eine identifizierte oder identifizierbare nat\u00fcrliche Person (im Folgenden \u201ebetroffene Person\u201c) beziehen; als identifizierbar wird eine nat\u00fcrliche Person angesehen, die direkt oder indirekt, insbesondere mittels Zuordnung zu einer Kennung wie einem Namen, zu einer Kennnummer, zu Standortdaten, zu einer Online-Kennung (z.B. Cookie) oder zu einem oder mehreren besonderen Merkmalen identifiziert werden kann, die Ausdruck der physischen, physiologischen, genetischen, psychischen, wirtschaftlichen, kulturellen oder sozialen Identit\u00e4t dieser nat\u00fcrlichen Person sind.\n\n\u201eVerarbeitung\u201c ist jeder mit oder ohne Hilfe automatisierter Verfahren ausgef\u00fchrte Vorgang oder jede solche Vorgangsreihe im Zusammenhang mit personenbezogenen Daten. Der Begriff reicht weit und umfasst praktisch jeden Umgang mit Daten.\n\n\u201ePseudonymisierung\u201c die Verarbeitung personenbezogener Daten in einer Weise, dass die personenbezogenen Daten ohne Hinzuziehung zus\u00e4tzlicher Informationen nicht mehr einer spezifischen betroffenen Person zugeordnet werden k\u00f6nnen, sofern diese zus\u00e4tzlichen Informationen gesondert aufbewahrt werden und technischen und organisatorischen Ma\u00dfnahmen unterliegen, die gew\u00e4hrleisten, dass die personenbezogenen Daten nicht einer identifizierten oder identifizierbaren nat\u00fcrlichen Person zugewiesen werden.\n\n\u201eProfiling\u201c jede Art der automatisierten Verarbeitung personenbezogener Daten, die darin besteht, dass diese personenbezogenen Daten verwendet werden, um bestimmte pers\u00f6nliche Aspekte, die sich auf eine nat\u00fcrliche Person beziehen, zu bewerten, insbesondere um Aspekte bez\u00fcglich Arbeitsleistung, wirtschaftliche Lage, Gesundheit, pers\u00f6nliche Vorlieben, Interessen, Zuverl\u00e4ssigkeit, Verhalten, Aufenthaltsort oder Ortswechsel dieser nat\u00fcrlichen Person zu analysieren oder vorherzusagen.\n\nAls \u201eVerantwortlicher\u201c wird die nat\u00fcrliche oder juristische Person, Beh\u00f6rde, Einrichtung oder andere Stelle, die allein oder gemeinsam mit anderen \u00fcber die Zwecke und Mittel der Verarbeitung von personenbezogenen Daten entscheidet, bezeichnet.\n\n\u201eAuftragsverarbeiter\u201c eine nat\u00fcrliche oder juristische Person, Beh\u00f6rde, Einrichtung oder andere Stelle, die personenbezogene Daten im Auftrag des Verantwortlichen verarbeitet.\n<h3 id=\"dsg-general-legalbasis\">Ma\u00dfgebliche Rechtsgrundlagen<\/h3>\nNach Ma\u00dfgabe des Art. 13 DSGVO teilen wir Ihnen die Rechtsgrundlagen unserer Datenverarbeitungen mit. Sofern die Rechtsgrundlage in der Datenschutzerkl\u00e4rung nicht genannt wird, gilt Folgendes: Die Rechtsgrundlage f\u00fcr die Einholung von Einwilligungen ist Art. 6 Abs. 1 lit. a und Art. 7 DSGVO, die Rechtsgrundlage f\u00fcr die Verarbeitung zur Erf\u00fcllung unserer Leistungen und Durchf\u00fchrung vertraglicher Ma\u00dfnahmen sowie Beantwortung von Anfragen ist Art. 6 Abs. 1 lit. b DSGVO, die Rechtsgrundlage f\u00fcr die Verarbeitung zur Erf\u00fcllung unserer rechtlichen Verpflichtungen ist Art. 6 Abs. 1 lit. c DSGVO, und die Rechtsgrundlage f\u00fcr die Verarbeitung zur Wahrung unserer berechtigten Interessen ist Art. 6 Abs. 1 lit. f DSGVO. F\u00fcr den Fall, dass lebenswichtige Interessen der betroffenen Person oder einer anderen nat\u00fcrlichen Person eine Verarbeitung personenbezogener Daten erforderlich machen, dient Art. 6 Abs. 1 lit. d DSGVO als Rechtsgrundlage.\n<h3 id=\"dsg-general-securitymeasures\">Sicherheitsma\u00dfnahmen<\/h3>\nWir treffen nach Ma\u00dfgabe des Art. 32 DSGVO unter Ber\u00fccksichtigung des Stands der Technik, der Implementierungskosten und der Art, des Umfangs, der Umst\u00e4nde und der Zwecke der Verarbeitung sowie der unterschiedlichen Eintrittswahrscheinlichkeit und Schwere des Risikos f\u00fcr die Rechte und Freiheiten nat\u00fcrlicher Personen, geeignete technische und organisatorische Ma\u00dfnahmen, um ein dem Risiko angemessenes Schutzniveau zu gew\u00e4hrleisten.\n\nZu den Ma\u00dfnahmen geh\u00f6ren insbesondere die Sicherung der Vertraulichkeit, Integrit\u00e4t und Verf\u00fcgbarkeit von Daten durch Kontrolle des physischen Zugangs zu den Daten, als auch des sie betreffenden Zugriffs, der Eingabe, Weitergabe, der Sicherung der Verf\u00fcgbarkeit und ihrer Trennung. Des Weiteren haben wir Verfahren eingerichtet, die eine Wahrnehmung von Betroffenenrechten, L\u00f6schung von Daten und Reaktion auf Gef\u00e4hrdung der Daten gew\u00e4hrleisten. Ferner ber\u00fccksichtigen wir den Schutz personenbezogener Daten bereits bei der Entwicklung, bzw. Auswahl von Hardware, Software sowie Verfahren, entsprechend dem Prinzip des Datenschutzes durch Technikgestaltung und durch datenschutzfreundliche Voreinstellungen (Art. 25 DSGVO).\n<h3 id=\"dsg-general-coprocessing\">Zusammenarbeit mit Auftragsverarbeitern und Dritten<\/h3>\nSofern wir im Rahmen unserer Verarbeitung Daten gegen\u00fcber anderen Personen und Unternehmen (Auftragsverarbeitern oder Dritten) offenbaren, sie an diese \u00fcbermitteln oder ihnen sonst Zugriff auf die Daten gew\u00e4hren, erfolgt dies nur auf Grundlage einer gesetzlichen Erlaubnis (z.B. wenn eine \u00dcbermittlung der Daten an Dritte, wie an Zahlungsdienstleister, gem. Art. 6 Abs. 1 lit. b DSGVO zur Vertragserf\u00fcllung erforderlich ist), Sie eingewilligt haben, eine rechtliche Verpflichtung dies vorsieht oder auf Grundlage unserer berechtigten Interessen (z.B. beim Einsatz von Beauftragten, Webhostern, etc.).\n\nSofern wir Dritte mit der Verarbeitung von Daten auf Grundlage eines sog. \u201eAuftragsverarbeitungsvertrages\u201c beauftragen, geschieht dies auf Grundlage des Art. 28 DSGVO.\n<h3 id=\"dsg-general-thirdparty\">\u00dcbermittlungen in Drittl\u00e4nder<\/h3>\nSofern wir Daten in einem Drittland (d.h. au\u00dferhalb der Europ\u00e4ischen Union (EU) oder des Europ\u00e4ischen Wirtschaftsraums (EWR)) verarbeiten oder dies im Rahmen der Inanspruchnahme von Diensten Dritter oder Offenlegung, bzw. \u00dcbermittlung von Daten an Dritte geschieht, erfolgt dies nur, wenn es zur Erf\u00fcllung unserer (vor)vertraglichen Pflichten, auf Grundlage Ihrer Einwilligung, aufgrund einer rechtlichen Verpflichtung oder auf Grundlage unserer berechtigten Interessen geschieht. Vorbehaltlich gesetzlicher oder vertraglicher Erlaubnisse, verarbeiten oder lassen wir die Daten in einem Drittland nur beim Vorliegen der besonderen Voraussetzungen der Art. 44 ff. DSGVO verarbeiten. D.h. die Verarbeitung erfolgt z.B. auf Grundlage besonderer Garantien, wie der offiziell anerkannten Feststellung eines der EU entsprechenden Datenschutzniveaus (z.B. f\u00fcr die USA durch das \u201ePrivacy Shield\u201c) oder Beachtung offiziell anerkannter spezieller vertraglicher Verpflichtungen (so genannte \u201eStandardvertragsklauseln\u201c).\n<h3 id=\"dsg-general-rightssubject\">Rechte der betroffenen Personen<\/h3>\nSie haben das Recht, eine Best\u00e4tigung dar\u00fcber zu verlangen, ob betreffende Daten verarbeitet werden und auf Auskunft \u00fcber diese Daten sowie auf weitere Informationen und Kopie der Daten entsprechend Art. 15 DSGVO.\n\nSie haben entsprechend. Art. 16 DSGVO das Recht, die Vervollst\u00e4ndigung der Sie betreffenden Daten oder die Berichtigung der Sie betreffenden unrichtigen Daten zu verlangen.\n\nSie haben nach Ma\u00dfgabe des Art. 17 DSGVO das Recht zu verlangen, dass betreffende Daten unverz\u00fcglich gel\u00f6scht werden, bzw. alternativ nach Ma\u00dfgabe des Art. 18 DSGVO eine Einschr\u00e4nkung der Verarbeitung der Daten zu verlangen.\n\nSie haben das Recht zu verlangen, dass die Sie betreffenden Daten, die Sie uns bereitgestellt haben nach Ma\u00dfgabe des Art. 20 DSGVO zu erhalten und deren \u00dcbermittlung an andere Verantwortliche zu fordern.\n\nSie haben ferner gem. Art. 77 DSGVO das Recht, eine Beschwerde bei der zust\u00e4ndigen Aufsichtsbeh\u00f6rde einzureichen.\n<h3 id=\"dsg-general-revokeconsent\">Widerrufsrecht<\/h3>\nSie haben das Recht, erteilte Einwilligungen gem. Art. 7 Abs. 3 DSGVO mit Wirkung f\u00fcr die Zukunft zu widerrufen\n<h3 id=\"dsg-general-object\">Widerspruchsrecht<\/h3>\nSie k\u00f6nnen der k\u00fcnftigen Verarbeitung der Sie betreffenden Daten nach Ma\u00dfgabe des Art. 21 DSGVO jederzeit widersprechen. Der Widerspruch kann insbesondere gegen die Verarbeitung f\u00fcr Zwecke der Direktwerbung erfolgen.\n<h3 id=\"dsg-general-cookies\">Cookies und Widerspruchsrecht bei Direktwerbung<\/h3>\nAls \u201eCookies\u201c werden kleine Dateien bezeichnet, die auf Rechnern der Nutzer gespeichert werden. Innerhalb der Cookies k\u00f6nnen unterschiedliche Angaben gespeichert werden. Ein Cookie dient prim\u00e4r dazu, die Angaben zu einem Nutzer (bzw. dem Ger\u00e4t auf dem das Cookie gespeichert ist) w\u00e4hrend oder auch nach seinem Besuch innerhalb eines Onlineangebotes zu speichern. Als tempor\u00e4re Cookies, bzw. \u201eSession-Cookies\u201c oder \u201etransiente Cookies\u201c, werden Cookies bezeichnet, die gel\u00f6scht werden, nachdem ein Nutzer ein Onlineangebot verl\u00e4sst und seinen Browser schlie\u00dft. In einem solchen Cookie kann z.B. der Inhalt eines Warenkorbs in einem Onlineshop oder ein Login-Status gespeichert werden. Als \u201epermanent\u201c oder \u201epersistent\u201c werden Cookies bezeichnet, die auch nach dem Schlie\u00dfen des Browsers gespeichert bleiben. So kann z.B. der Login-Status gespeichert werden, wenn die Nutzer diese nach mehreren Tagen aufsuchen. Ebenso k\u00f6nnen in einem solchen Cookie die Interessen der Nutzer gespeichert werden, die f\u00fcr Reichweitenmessung oder Marketingzwecke verwendet werden. Als \u201eThird-Party-Cookie\u201c werden Cookies bezeichnet, die von anderen Anbietern als dem Verantwortlichen, der das Onlineangebot betreibt, angeboten werden (andernfalls, wenn es nur dessen Cookies sind spricht man von \u201eFirst-Party Cookies\u201c).\n\nWir k\u00f6nnen tempor\u00e4re und permanente Cookies einsetzen und kl\u00e4ren hier\u00fcber im Rahmen unserer Datenschutzerkl\u00e4rung auf.\n\nFalls die Nutzer nicht m\u00f6chten, dass Cookies auf ihrem Rechner gespeichert werden, werden sie gebeten die entsprechende Option in den Systemeinstellungen ihres Browsers zu deaktivieren. Gespeicherte Cookies k\u00f6nnen in den Systemeinstellungen des Browsers gel\u00f6scht werden. Der Ausschluss von Cookies kann zu Funktionseinschr\u00e4nkungen dieses Onlineangebotes f\u00fchren.\n\nEin genereller Widerspruch gegen den Einsatz der zu Zwecken des Onlinemarketing eingesetzten Cookies kann bei einer Vielzahl der Dienste, vor allem im Fall des Trackings, \u00fcber die US-amerikanische Seite\u00a0<a href=\"http:\/\/www.aboutads.info\/choices\/\">http:\/\/www.aboutads.info\/choices\/<\/a>\u00a0oder die EU-Seite\u00a0<a href=\"http:\/\/www.youronlinechoices.com\/\">http:\/\/www.youronlinechoices.com\/<\/a>\u00a0erkl\u00e4rt werden. Des Weiteren kann die Speicherung von Cookies mittels deren Abschaltung in den Einstellungen des Browsers erreicht werden. Bitte beachten Sie, dass dann gegebenenfalls nicht alle Funktionen dieses Onlineangebotes genutzt werden k\u00f6nnen.\n<h3 id=\"dsg-general-erasure\">L\u00f6schung von Daten<\/h3>\nDie von uns verarbeiteten Daten werden nach Ma\u00dfgabe der Art. 17 und 18 DSGVO gel\u00f6scht oder in ihrer Verarbeitung eingeschr\u00e4nkt. Sofern nicht im Rahmen dieser Datenschutzerkl\u00e4rung ausdr\u00fccklich angegeben, werden die bei uns gespeicherten Daten gel\u00f6scht, sobald sie f\u00fcr ihre Zweckbestimmung nicht mehr erforderlich sind und der L\u00f6schung keine gesetzlichen Aufbewahrungspflichten entgegenstehen. Sofern die Daten nicht gel\u00f6scht werden, weil sie f\u00fcr andere und gesetzlich zul\u00e4ssige Zwecke erforderlich sind, wird deren Verarbeitung eingeschr\u00e4nkt. D.h. die Daten werden gesperrt und nicht f\u00fcr andere Zwecke verarbeitet. Das gilt z.B. f\u00fcr Daten, die aus handels- oder steuerrechtlichen Gr\u00fcnden aufbewahrt werden m\u00fcssen.\n\nNach gesetzlichen Vorgaben in Deutschland, erfolgt die Aufbewahrung insbesondere f\u00fcr 10 Jahre gem\u00e4\u00df \u00a7\u00a7 147 Abs. 1 AO, 257 Abs. 1 Nr. 1 und 4, Abs. 4 HGB (B\u00fccher, Aufzeichnungen, Lageberichte, Buchungsbelege, Handelsb\u00fccher, f\u00fcr Besteuerung relevanter Unterlagen, etc.) und 6 Jahre gem\u00e4\u00df \u00a7 257 Abs. 1 Nr. 2 und 3, Abs. 4 HGB (Handelsbriefe).\n\nNach gesetzlichen Vorgaben in \u00d6sterreich erfolgt die Aufbewahrung insbesondere f\u00fcr 7 J gem\u00e4\u00df \u00a7 132 Abs. 1 BAO (Buchhaltungsunterlagen, Belege\/Rechnungen, Konten, Belege, Gesch\u00e4ftspapiere, Aufstellung der Einnahmen und Ausgaben, etc.), f\u00fcr 22 Jahre im Zusammenhang mit Grundst\u00fccken und f\u00fcr 10 Jahre bei Unterlagen im Zusammenhang mit elektronisch erbrachten Leistungen, Telekommunikations-, Rundfunk- und Fernsehleistungen, die an Nichtunternehmer in EU-Mitgliedstaaten erbracht werden und f\u00fcr die der Mini-One-Stop-Shop (MOSS) in Anspruch genommen wird.\n<h3 id=\"dsg-services-agency\">Agenturdienstleistungen<\/h3>\n<span class=\"ts-muster-content\">Wir verarbeiten die Daten unserer Kunden im Rahmen unserer vertraglichen Leistungen zu denen konzeptionelle und strategische Beratung, Kampagnenplanung, Software- und Designentwicklung\/-beratung oder Pflege, Umsetzung von Kampagnen und Prozessen\/ Handling, Serveradministration, Datenanalyse\/ Beratungsleistungen und Schulungsleistungen geh\u00f6ren.<\/span>\n\nHierbei verarbeiten wir Bestandsdaten (z.B., Kundenstammdaten, wie Namen oder Adressen), Kontaktdaten (z.B., E-Mail, Telefonnummern), Inhaltsdaten (z.B., Texteingaben, Fotografien, Videos), Vertragsdaten (z.B., Vertragsgegenstand, Laufzeit), Zahlungsdaten (z.B., Bankverbindung, Zahlungshistorie), Nutzungs- und Metadaten (z.B. im Rahmen der Auswertung und Erfolgsmessung von Marketingma\u00dfnahmen). Besondere Kategorien personenbezogener Daten verarbeiten wir grunds\u00e4tzlich nicht, au\u00dfer wenn diese Bestandteile einer beauftragten Verarbeitung sind. Zu den Betroffenen geh\u00f6ren unsere Kunden, Interessenten sowie deren Kunden, Nutzer, Websitebesucher oder Mitarbeiter sowie Dritte. Der Zweck der Verarbeitung besteht in der Erbringung von Vertragsleistungen, Abrechnung und unserem Kundenservice. Die Rechtsgrundlagen der Verarbeitung ergeben sich aus Art. 6 Abs. 1 lit. b DSGVO (vertragliche Leistungen), Art. 6 Abs. 1 lit. f DSGVO (Analyse, Statistik, Optimierung, Sicherheitsma\u00dfnahmen). Wir verarbeiten Daten, die zur Begr\u00fcndung und Erf\u00fcllung der vertraglichen Leistungen erforderlich sind und weisen auf die Erforderlichkeit ihrer Angabe hin. Eine Offenlegung an Externe erfolgt nur, wenn sie im Rahmen eines Auftrags erforderlich ist. Bei der Verarbeitung der uns im Rahmen eines Auftrags \u00fcberlassenen Daten handeln wir entsprechend den Weisungen der Auftraggeber sowie der gesetzlichen Vorgaben einer Auftragsverarbeitung gem. Art. 28 DSGVO und verarbeiten die Daten zu keinen anderen, als den auftragsgem\u00e4\u00dfen Zwecken.\n\nWir l\u00f6schen die Daten nach Ablauf gesetzlicher Gew\u00e4hrleistungs- und vergleichbarer Pflichten. die Erforderlichkeit der Aufbewahrung der Daten wird alle drei Jahre \u00fcberpr\u00fcft; im Fall der gesetzlichen Archivierungspflichten erfolgt die L\u00f6schung nach deren Ablauf (6 J, gem. \u00a7 257 Abs. 1 HGB, 10 J, gem. \u00a7 147 Abs. 1 AO). Im Fall von Daten, die uns gegen\u00fcber im Rahmen eines Auftrags durch den Auftraggeber offengelegt wurden, l\u00f6schen wir die Daten entsprechend den Vorgaben des Auftrags, grunds\u00e4tzlich nach Ende des Auftrags.\n<h3 id=\"dsg-services-contractualservices\">Vertragliche Leistungen<\/h3>\n<span class=\"ts-muster-content\">Wir verarbeiten die Daten unserer Vertragspartner und Interessenten sowie anderer Auftraggeber, Kunden, Mandanten, Klienten oder Vertragspartner (einheitlich bezeichnet als \u201eVertragspartner\u201c) entsprechend Art. 6 Abs. 1 lit. b. DSGVO, um ihnen gegen\u00fcber unsere vertraglichen oder vorvertraglichen Leistungen zu erbringen. Die hierbei verarbeiteten Daten, die Art, der Umfang und der Zweck und die Erforderlichkeit ihrer Verarbeitung, bestimmen sich nach dem zugrundeliegenden Vertragsverh\u00e4ltnis.<\/span>\n\nZu den verarbeiteten Daten geh\u00f6ren die Stammdaten unserer Vertragspartner (z.B., Namen und Adressen), Kontaktdaten (z.B. E-Mailadressen und Telefonnummern) sowie Vertragsdaten (z.B., in Anspruch genommene Leistungen, Vertragsinhalte, vertragliche Kommunikation, Namen von Kontaktpersonen) und Zahlungsdaten (z.B., Bankverbindungen, Zahlungshistorie).\n\nBesondere Kategorien personenbezogener Daten verarbeiten wir grunds\u00e4tzlich nicht, au\u00dfer wenn diese Bestandteile einer beauftragten oder vertragsgem\u00e4\u00dfen Verarbeitung sind.\n\nWir verarbeiten Daten, die zur Begr\u00fcndung und Erf\u00fcllung der vertraglichen Leistungen erforderlich sind und weisen auf die Erforderlichkeit ihrer Angabe, sofern diese f\u00fcr die Vertragspartner nicht evident ist, hin. Eine Offenlegung an externe Personen oder Unternehmen erfolgt nur, wenn sie im Rahmen eines Vertrags erforderlich ist. Bei der Verarbeitung der uns im Rahmen eines Auftrags \u00fcberlassenen Daten, handeln wir entsprechend den Weisungen der Auftraggeber sowie der gesetzlichen Vorgaben.\n\nIm Rahmen der Inanspruchnahme unserer Onlinedienste, k\u00f6nnen wir die IP-Adresse und den Zeitpunkt der jeweiligen Nutzerhandlung speichern. Die Speicherung erfolgt auf Grundlage unserer berechtigten Interessen, als auch der Interessen der Nutzer am Schutz vor Missbrauch und sonstiger unbefugter Nutzung. Eine Weitergabe dieser Daten an Dritte erfolgt grunds\u00e4tzlich nicht, au\u00dfer sie ist zur Verfolgung unserer Anspr\u00fcche gem. Art. 6 Abs. 1 lit. f. DSGVO erforderlich oder es besteht hierzu eine gesetzliche Verpflichtung gem. Art. 6 Abs. 1 lit. c. DSGVO.\n\nDie L\u00f6schung der Daten erfolgt, wenn die Daten zur Erf\u00fcllung vertraglicher oder gesetzlicher F\u00fcrsorgepflichten sowie f\u00fcr den Umgang mit etwaigen Gew\u00e4hrleistungs- und vergleichbaren Pflichten nicht mehr erforderlich sind, wobei die Erforderlichkeit der Aufbewahrung der Daten alle drei Jahre \u00fcberpr\u00fcft wird; im \u00dcbrigen gelten die gesetzlichen Aufbewahrungspflichten.\n<h3 id=\"dsg-administration\">Administration, Finanzbuchhaltung, B\u00fcroorganisation, Kontaktverwaltung<\/h3>\n<span class=\"ts-muster-content\">Wir verarbeiten Daten im Rahmen von Verwaltungsaufgaben sowie Organisation unseres Betriebs, Finanzbuchhaltung und Befolgung der gesetzlichen Pflichten, wie z.B. der Archivierung. Hierbei verarbeiten wir dieselben Daten, die wir im Rahmen der Erbringung unserer vertraglichen Leistungen verarbeiten. Die Verarbeitungsgrundlagen sind Art. 6 Abs. 1 lit. c. DSGVO, Art. 6 Abs. 1 lit. f. DSGVO. Von der Verarbeitung sind Kunden, Interessenten, Gesch\u00e4ftspartner und Websitebesucher betroffen. Der Zweck und unser Interesse an der Verarbeitung liegt in der Administration, Finanzbuchhaltung, B\u00fcroorganisation, Archivierung von Daten, also Aufgaben die der Aufrechterhaltung unserer Gesch\u00e4ftst\u00e4tigkeiten, Wahrnehmung unserer Aufgaben und Erbringung unserer Leistungen dienen. Die L\u00f6schung der Daten im Hinblick auf vertragliche Leistungen und die vertragliche Kommunikation entspricht den, bei diesen Verarbeitungst\u00e4tigkeiten genannten Angaben.<\/span>\n\nWir offenbaren oder \u00fcbermitteln hierbei Daten an die Finanzverwaltung, Berater, wie z.B., Steuerberater oder Wirtschaftspr\u00fcfer sowie weitere Geb\u00fchrenstellen und Zahlungsdienstleister.\n\nFerner speichern wir auf Grundlage unserer betriebswirtschaftlichen Interessen Angaben zu Lieferanten, Veranstaltern und sonstigen Gesch\u00e4ftspartnern, z.B. zwecks sp\u00e4terer Kontaktaufnahme. Diese mehrheitlich unternehmensbezogenen Daten, speichern wir grunds\u00e4tzlich dauerhaft.\n<h3 id=\"dsg-registration\">Registrierfunktion<\/h3>\n<span class=\"ts-muster-content\">Nutzer k\u00f6nnen ein Nutzerkonto anlegen. Im Rahmen der Registrierung werden die erforderlichen Pflichtangaben den Nutzern mitgeteilt und auf Grundlage des Art. 6 Abs. 1 lit. b DSGVO zu Zwecken der Bereitstellung des Nutzerkontos verarbeitet. Zu den verarbeiteten Daten geh\u00f6ren insbesondere die Login-Informationen (Name, Passwort sowie eine E-Mailadresse). Die im Rahmen der Registrierung eingegebenen Daten werden f\u00fcr die Zwecke der Nutzung des Nutzerkontos und dessen Zwecks verwendet.<\/span>\n\nDie Nutzer k\u00f6nnen \u00fcber Informationen, die f\u00fcr deren Nutzerkonto relevant sind, wie z.B. technische \u00c4nderungen, per E-Mail informiert werden. Wenn Nutzer ihr Nutzerkonto gek\u00fcndigt haben, werden deren Daten im Hinblick auf das Nutzerkonto, vorbehaltlich einer gesetzlichen Aufbewahrungspflicht, gel\u00f6scht. Es obliegt den Nutzern, ihre Daten bei erfolgter K\u00fcndigung vor dem Vertragsende zu sichern. Wir sind berechtigt, s\u00e4mtliche w\u00e4hrend der Vertragsdauer gespeicherten Daten des Nutzers unwiederbringlich zu l\u00f6schen.\n\nIm Rahmen der Inanspruchnahme unserer Registrierungs- und Anmeldefunktionen sowie der Nutzung des Nutzerkontos, speichern wird die IP-Adresse und den Zeitpunkt der jeweiligen Nutzerhandlung. Die Speicherung erfolgt auf Grundlage unserer berechtigten Interessen, als auch der Nutzer an Schutz vor Missbrauch und sonstiger unbefugter Nutzung. Eine Weitergabe dieser Daten an Dritte erfolgt grunds\u00e4tzlich nicht, au\u00dfer sie ist zur Verfolgung unserer Anspr\u00fcche erforderlich oder es besteht hierzu besteht eine gesetzliche Verpflichtung gem. Art. 6 Abs. 1 lit. c DSGVO. Die IP-Adressen werden sp\u00e4testens nach 7 Tagen anonymisiert oder gel\u00f6scht.\n<h3 id=\"dsg-comments\">Kommentare und Beitr\u00e4ge<\/h3>\n<span class=\"ts-muster-content\">Wenn Nutzer Kommentare oder sonstige Beitr\u00e4ge hinterlassen, k\u00f6nnen ihre IP-Adressen auf Grundlage unserer berechtigten Interessen im Sinne des Art. 6 Abs. 1 lit. f. DSGVO f\u00fcr 7 Tage gespeichert werden. Das erfolgt zu unserer Sicherheit, falls jemand in Kommentaren und Beitr\u00e4gen widerrechtliche Inhalte hinterl\u00e4sst (Beleidigungen, verbotene politische Propaganda, etc.). In diesem Fall k\u00f6nnen wir selbst f\u00fcr den Kommentar oder Beitrag belangt werden und sind daher an der Identit\u00e4t des Verfassers interessiert.<\/span>\n\nDes Weiteren behalten wir uns vor, auf Grundlage unserer berechtigten Interessen gem. Art. 6 Abs. 1 lit. f. DSGVO, die Angaben der Nutzer zwecks Spamerkennung zu verarbeiten.\n\nAuf derselben Rechtsgrundlage behalten wir uns vor, im Fall von Umfragen die IP-Adressen der Nutzer f\u00fcr deren Dauer zu speichern und Cookies zu verwenden, um Mehrfachabstimmungen zu vermeiden.\n\nDie im Rahmen der Kommentare und Beitr\u00e4ge angegebenen Daten, werden von uns bis zum Widerspruch der Nutzer dauerhaft gespeichert.\n<h3 id=\"dsg-subscribetocomments\">Kommentarabonnements<\/h3>\n<span class=\"ts-muster-content\">Die Nachfolgekommentare k\u00f6nnen durch Nutzer mit deren Einwilligung gem. Art. 6 Abs. 1 lit. a DSGVO abonniert werden. Die Nutzer erhalten eine Best\u00e4tigungsemail, um zu \u00fcberpr\u00fcfen, ob sie der Inhaber der eingegebenen Emailadresse sind. Nutzer k\u00f6nnen laufende Kommentarabonnements jederzeit abbestellen. Die Best\u00e4tigungsemail wird Hinweise zu den Widerrufsm\u00f6glichkeiten enthalten. F\u00fcr die Zwecke des Nachweises der Einwilligung der Nutzer, speichern wir den Anmeldezeitpunkt nebst der IP-Adresse der Nutzer und l\u00f6schen diese Informationen, wenn Nutzer sich von dem Abonnement abmelden.<\/span>\n\nSie k\u00f6nnen den Empfang unseres Abonnemenets jederzeit k\u00fcndigen, d.h. Ihre Einwilligungen widerrufen. Wir k\u00f6nnen die ausgetragenen E-Mailadressen bis zu drei Jahren auf Grundlage unserer berechtigten Interessen speichern bevor wir sie l\u00f6schen, um eine ehemals gegebene Einwilligung nachweisen zu k\u00f6nnen. Die Verarbeitung dieser Daten wird auf den Zweck einer m\u00f6glichen Abwehr von Anspr\u00fcchen beschr\u00e4nkt. Ein individueller L\u00f6schungsantrag ist jederzeit m\u00f6glich, sofern zugleich das ehemalige Bestehen einer Einwilligung best\u00e4tigt wird.\n<h3 id=\"dsg-akismet\">Akismet Anti-Spam-Pr\u00fcfung<\/h3>\n<span class=\"ts-muster-content\">Unser Onlineangebot nutzt den Dienst \u201eAkismet\u201c, der von der Automattic Inc., 60 29th Street #343, San Francisco, CA 94110, USA, angeboten wird. Die Nutzung erfolgt auf Grundlage unserer berechtigten Interessen im Sinne des Art. 6 Abs. 1 lit. f) DSGVO. Mit Hilfe dieses Dienstes werden Kommentare echter Menschen von Spam-Kommentaren unterschieden. Dazu werden alle Kommentarangaben an einen Server in den USA verschickt, wo sie analysiert und f\u00fcr Vergleichszwecke vier Tage lang gespeichert werden. Ist ein Kommentar als Spam eingestuft worden, werden die Daten \u00fcber diese Zeit hinaus gespeichert. Zu diesen Angaben geh\u00f6ren der eingegebene Name, die Emailadresse, die IP-Adresse, der Kommentarinhalt, der Referrer, Angaben zum verwendeten Browser sowie dem Computersystem und die Zeit des Eintrags.<\/span>\n\nN\u00e4here Informationen zur Erhebung und Nutzung der Daten durch Akismet finden sich in den Datenschutzhinweisen von Automattic:\u00a0<a href=\"https:\/\/automattic.com\/privacy\/\" target=\"_blank\" rel=\"noopener\">https:\/\/automattic.com\/privacy\/<\/a>.\n\nNutzer k\u00f6nnen gerne Pseudonyme nutzen, oder auf die Eingabe des Namens oder der Emailadresse verzichten. Sie k\u00f6nnen die \u00dcbertragung der Daten komplett verhindern, indem Sie unser Kommentarsystem nicht nutzen. Das w\u00e4re schade, aber leider sehen wir sonst keine Alternativen, die ebenso effektiv arbeiten.\n<h3 id=\"dsg-gravatar\">Abruf von Profilbildern bei Gravatar<\/h3>\n<span class=\"ts-muster-content\">Wir setzen innerhalb unseres Onlineangebotes und insbesondere im Blog den Dienst Gravatar der Automattic Inc., 60 29th Street #343, San Francisco, CA 94110, USA, ein.<\/span>\n\nGravatar ist ein Dienst, bei dem sich Nutzer anmelden und Profilbilder und ihre E-Mailadressen hinterlegen k\u00f6nnen. Wenn Nutzer mit der jeweiligen E-Mailadresse auf anderen Onlinepr\u00e4senzen (vor allem in Blogs) Beitr\u00e4ge oder Kommentare hinterlassen, k\u00f6nnen so deren Profilbilder neben den Beitr\u00e4gen oder Kommentaren dargestellt werden. Hierzu wird die von den Nutzern mitgeteilte E-Mailadresse an Gravatar zwecks Pr\u00fcfung, ob zu ihr ein Profil gespeichert ist, verschl\u00fcsselt \u00fcbermittelt. Dies ist der einzige Zweck der \u00dcbermittlung der E-Mailadresse und sie wird nicht f\u00fcr andere Zwecke verwendet, sondern danach gel\u00f6scht.\n\nDie Nutzung von Gravatar erfolgt auf Grundlage unserer berechtigten Interessen im Sinne des Art. 6 Abs. 1 lit. f) DSGVO, da wir mit Hilfe von Gravatar den Beitrags- und Kommentarverfassern die M\u00f6glichkeit bieten ihre Beitr\u00e4ge mit einem Profilbild zu personalisieren.\n\nDurch die Anzeige der Bilder bringt Gravatar die IP-Adresse der Nutzer in Erfahrung, da dies f\u00fcr eine Kommunikation zwischen einem Browser und einem Onlineservice notwendig ist. N\u00e4here Informationen zur Erhebung und Nutzung der Daten durch Gravatar finden sich in den Datenschutzhinweisen von Automattic:\u00a0<a href=\"https:\/\/automattic.com\/privacy\/\" target=\"_blank\" rel=\"noopener\">https:\/\/automattic.com\/privacy\/<\/a>.\n\nWenn Nutzer nicht m\u00f6chten, dass ein mit Ihrer E-Mail-Adresse bei Gravatar verkn\u00fcpftes Benutzerbild in den Kommentaren erscheint, sollten Sie zum Kommentieren eine E-Mail-Adresse nutzen, welche nicht bei Gravatar hinterlegt ist. Wir weisen ferner darauf hin, dass es auch m\u00f6glich ist eine anonyme oder gar keine E-Mailadresse zu verwenden, falls die Nutzer nicht w\u00fcnschen, dass die eigene E-Mailadresse an Gravatar \u00fcbersendet wird. Nutzer k\u00f6nnen die \u00dcbertragung der Daten komplett verhindern, indem Sie unser Kommentarsystem nicht nutzen.\n<h3 id=\"dsg-wordpress-emojis\">Abruf von Emojis und Smilies<\/h3>\n<span class=\"ts-muster-content\">Innerhalb unseres WordPress-Blogs werden grafische Emojis (bzw. Smilies), d.h. kleine grafische Dateien, die Gef\u00fchle ausdr\u00fccken, eingesetzt, die von externen Servern bezogen werden. Hierbei erheben die Anbieter der Server, die IP-Adressen der Nutzer. Dies ist notwendig, damit die Emojie-Dateien an die Browser der Nutzer \u00fcbermittelt werden k\u00f6nnen. Der Emojie-Service wird von der Automattic Inc., 60 29th Street #343, San Francisco, CA 94110, USA, angeboten. Datenschutzhinweise von Automattic:\u00a0<a href=\"https:\/\/automattic.com\/privacy\/\" target=\"_blank\" rel=\"noopener\">https:\/\/automattic.com\/privacy\/<\/a>. Die verwendeten Server-Domains sind s.w.org und twemoji.maxcdn.com, wobei es sich unseres Wissens nach um sog. Content-Delivery-Networks handelt, also Server, die lediglich einer schnellen und sicheren \u00dcbermittlung der Dateien dienen und die personenbezogenen Daten der Nutzer nach der \u00dcbermittlung gel\u00f6scht werden.<\/span>\n\nDie Nutzung der Emojis erfolgt auf Grundlage unserer berechtigten Interessen, d.h. Interesse an einer attraktiven Gestaltung unseres Onlineangebotes gem. Art. 6 Abs. 1 lit. f. DSGVO.\n<h3 id=\"dsg-contact\">Kontaktaufnahme<\/h3>\n<span class=\"ts-muster-content\">Bei der Kontaktaufnahme mit uns (z.B. per Kontaktformular, E-Mail, Telefon oder via sozialer Medien) werden die Angaben des Nutzers zur Bearbeitung der Kontaktanfrage und deren Abwicklung gem. Art. 6 Abs. 1 lit. b) DSGVO verarbeitet. Die Angaben der Nutzer k\u00f6nnen in einem Customer-Relationship-Management System (&#8220;CRM System&#8221;) oder vergleichbarer Anfragenorganisation gespeichert werden.<\/span>\n\nWir l\u00f6schen die Anfragen, sofern diese nicht mehr erforderlich sind. Wir \u00fcberpr\u00fcfen die Erforderlichkeit alle zwei Jahre; Ferner gelten die gesetzlichen Archivierungspflichten.\n<h3 id=\"dsg-hostingprovider\">Hosting und E-Mail-Versand<\/h3>\n<span class=\"ts-muster-content\">Die von uns in Anspruch genommenen Hosting-Leistungen dienen der Zurverf\u00fcgungstellung der folgenden Leistungen: Infrastruktur- und Plattformdienstleistungen, Rechenkapazit\u00e4t, Speicherplatz und Datenbankdienste, E-Mail-Versand, Sicherheitsleistungen sowie technische Wartungsleistungen, die wir zum Zwecke des Betriebs dieses Onlineangebotes einsetzen.<\/span>\n\nHierbei verarbeiten wir, bzw. unser Hostinganbieter Bestandsdaten, Kontaktdaten, Inhaltsdaten, Vertragsdaten, Nutzungsdaten, Meta- und Kommunikationsdaten von Kunden, Interessenten und Besuchern dieses Onlineangebotes auf Grundlage unserer berechtigten Interessen an einer effizienten und sicheren Zurverf\u00fcgungstellung dieses Onlineangebotes gem. Art. 6 Abs. 1 lit. f DSGVO i.V.m. Art. 28 DSGVO (Abschluss Auftragsverarbeitungsvertrag).\n<h3 id=\"dsg-ga-googleanalytics\">Google Analytics<\/h3>\n<span class=\"ts-muster-content\">Wir setzen auf Grundlage unserer berechtigten Interessen (d.h. Interesse an der Analyse, Optimierung und wirtschaftlichem Betrieb unseres Onlineangebotes im Sinne des Art. 6 Abs. 1 lit. f. DSGVO) Google Analytics, einen Webanalysedienst der Google LLC (\u201eGoogle\u201c) ein. Google verwendet Cookies. Die durch das Cookie erzeugten Informationen \u00fcber Benutzung des Onlineangebotes durch die Nutzer werden in der Regel an einen Server von Google in den USA \u00fcbertragen und dort gespeichert.<\/span>\n\nGoogle ist unter dem Privacy-Shield-Abkommen zertifiziert und bietet hierdurch eine Garantie, das europ\u00e4ische Datenschutzrecht einzuhalten (<a href=\"https:\/\/www.privacyshield.gov\/participant?id=a2zt000000001L5AAI&amp;status=Active\" target=\"_blank\" rel=\"noopener\">https:\/\/www.privacyshield.gov\/participant?id=a2zt000000001L5AAI&amp;status=Active<\/a>).\n\nGoogle wird diese Informationen in unserem Auftrag benutzen, um die Nutzung unseres Onlineangebotes durch die Nutzer auszuwerten, um Reports \u00fcber die Aktivit\u00e4ten innerhalb dieses Onlineangebotes zusammenzustellen und um weitere, mit der Nutzung dieses Onlineangebotes und der Internetnutzung verbundene Dienstleistungen, uns gegen\u00fcber zu erbringen. Dabei k\u00f6nnen aus den verarbeiteten Daten pseudonyme Nutzungsprofile der Nutzer erstellt werden.\n\nWir setzen Google Analytics nur mit aktivierter IP-Anonymisierung ein. Das bedeutet, die IP-Adresse der Nutzer wird von Google innerhalb von Mitgliedstaaten der Europ\u00e4ischen Union oder in anderen Vertragsstaaten des Abkommens \u00fcber den Europ\u00e4ischen Wirtschaftsraum gek\u00fcrzt. Nur in Ausnahmef\u00e4llen wird die volle IP-Adresse an einen Server von Google in den USA \u00fcbertragen und dort gek\u00fcrzt.\n\nDie von dem Browser des Nutzers \u00fcbermittelte IP-Adresse wird nicht mit anderen Daten von Google zusammengef\u00fchrt. Die Nutzer k\u00f6nnen die Speicherung der Cookies durch eine entsprechende Einstellung ihrer Browser-Software verhindern; die Nutzer k\u00f6nnen dar\u00fcber hinaus die Erfassung der durch das Cookie erzeugten und auf ihre Nutzung des Onlineangebotes bezogenen Daten an Google sowie die Verarbeitung dieser Daten durch Google verhindern, indem sie das unter folgendem Link verf\u00fcgbare Browser-Plugin herunterladen und installieren:\u00a0<a href=\"http:\/\/tools.google.com\/dlpage\/gaoptout?hl=de\" target=\"_blank\" rel=\"noopener\">http:\/\/tools.google.com\/dlpage\/gaoptout?hl=de<\/a>.\n\nWeitere Informationen zur Datennutzung durch Google, Einstellungs- und Widerspruchsm\u00f6glichkeiten, erfahren Sie in der Datenschutzerkl\u00e4rung von Google (<a href=\"https:\/\/policies.google.com\/technologies\/ads\" target=\"_blank\" rel=\"noopener\">https:\/\/policies.google.com\/technologies\/ads<\/a>) sowie in den Einstellungen f\u00fcr die Darstellung von Werbeeinblendungen durch Google\u00a0<a href=\"https:\/\/adssettings.google.com\/authenticated\" target=\"_blank\" rel=\"noopener\">(https:\/\/adssettings.google.com\/authenticated<\/a>).\n\nDie personenbezogenen Daten der Nutzer werden nach 14 Monaten gel\u00f6scht oder anonymisiert.\n<h3 id=\"dsg-tracking-doubleclick\">Google Doubleclick<\/h3>\n<span class=\"ts-muster-content\">Wir nutzen auf Grundlage unserer berechtigten Interessen (d.h. Interesse an der Analyse, Optimierung und wirtschaftlichem Betrieb unseres Onlineangebotes im Sinne des Art. 6 Abs. 1 lit. f. DSGVO) die Dienste der Google LLC, 1600 Amphitheatre Parkway, Mountain View, CA 94043, USA, (\u201eGoogle\u201c).<\/span>\n\nGoogle ist unter dem Privacy-Shield-Abkommen zertifiziert und bietet hierdurch eine Garantie, das europ\u00e4ische Datenschutzrecht einzuhalten (https:\/\/www.privacyshield.gov\/participant?id=a2zt000000001L5AAI&amp;status=Active).\n\nWir nutzen das Onlinemarketingverfahren Google &#8220;Doubleclick&#8221;, um Anzeigen im Google-Werbe-Netzwerk zu platzieren (z.B., in Suchergebnissen, in Videos, auf Webseiten, etc.). Double Click zeichnet sich dadurch aus, dass Anzeigen in Echtzeit anhand mutma\u00dflicher Interessen der Nutzer angezeigt werden. Dies erlaubt uns Anzeigen f\u00fcr und innerhalb unseres Onlineangebotes gezielter anzuzeigen, um Nutzern nur Anzeigen zu pr\u00e4sentieren, die potentiell deren Interessen entsprechen. Falls einem Nutzer z.B. Anzeigen f\u00fcr Produkte angezeigt werden, f\u00fcr die er sich auf anderen Onlineangeboten interessiert hat, spricht man hierbei vom \u201eRemarketing\u201c. Zu diesen Zwecken wird bei Aufruf unserer und anderer Webseiten, auf denen das Google-Werbe-Netzwerk aktiv ist, unmittelbar durch Google ein Code von Google ausgef\u00fchrt und es werden sog. (Re)marketing-Tags (unsichtbare Grafiken oder Code, auch als &#8220;Web Beacons&#8221; bezeichnet) in die Webseite eingebunden. Mit deren Hilfe wird auf dem Ger\u00e4t der Nutzer ein individuelles Cookie, d.h. eine kleine Datei abgespeichert (statt Cookies k\u00f6nnen auch vergleichbare Technologien verwendet werden). In dieser Datei wird vermerkt, welche Webseiten der Nutzer aufgesucht, f\u00fcr welche Inhalte er sich interessiert und welche Angebote der Nutzer geklickt hat, ferner technische Informationen zum Browser und Betriebssystem, verweisende Webseiten, Besuchszeit sowie weitere Angaben zur Nutzung des Onlineangebotes.\n\nEs wird ebenfalls die IP-Adresse der Nutzer erfasst, wobei diese innerhalb von Mitgliedstaaten der Europ\u00e4ischen Union oder in anderen Vertragsstaaten des Abkommens \u00fcber den Europ\u00e4ischen Wirtschaftsraum gek\u00fcrzt und nur in Ausnahmef\u00e4llen ganz an einen Server von Google in den USA \u00fcbertragen und dort gek\u00fcrzt wird. Die vorstehend genannten Informationen k\u00f6nnen seitens Google auch mit solchen Informationen aus anderen Quellen verbunden werden. Wenn der Nutzer anschlie\u00dfend andere Webseiten besucht, k\u00f6nnen ihm entsprechend seiner mutma\u00dflichen Interessen auf Grundlage seines Nutzerprofiles auf ihn abgestimmten Anzeigen angezeigt werden.\n\nDie Daten der Nutzer werden im Rahmen des Google-Werbe-Netzwerks pseudonym verarbeitet. D.h. Google speichert und verarbeitet z.B. nicht den Namen oder E-Mailadresse der Nutzer, sondern verarbeitet die relevanten Daten cookie-bezogen innerhalb pseudonymer Nutzerprofile. D.h. aus der Sicht von Google werden die Anzeigen nicht f\u00fcr eine konkret identifizierte Person verwaltet und angezeigt, sondern f\u00fcr den Cookie-Inhaber, unabh\u00e4ngig davon wer dieser Cookie-Inhaber ist. Dies gilt nicht, wenn ein Nutzer Google ausdr\u00fccklich erlaubt hat, die Daten ohne diese Pseudonymisierung zu verarbeiten. Die von Google-Marketing-Services \u00fcber die Nutzer gesammelten Informationen werden an Google \u00fcbermittelt und auf Googles Servern in den USA gespeichert.\n\nWeitere Informationen zur Datennutzung durch Google, Einstellungs- und Widerspruchsm\u00f6glichkeiten, erfahren Sie in der Datenschutzerkl\u00e4rung von Google (<a href=\"https:\/\/policies.google.com\/technologies\/ads\" target=\"_blank\" rel=\"noopener\">https:\/\/policies.google.com\/technologies\/ads<\/a>) sowie in den Einstellungen f\u00fcr die Darstellung von Werbeeinblendungen durch Google\u00a0<a href=\"https:\/\/adssettings.google.com\/authenticated\" target=\"_blank\" rel=\"noopener\">(https:\/\/adssettings.google.com\/authenticated<\/a>).\n<h3 id=\"dsg-jetpackstats\">Jetpack (WordPress Stats)<\/h3>\n<span class=\"ts-muster-content\">Wir nutzen auf Grundlage unserer berechtigten Interessen (d.h. Interesse an der Analyse, Optimierung und wirtschaftlichem Betrieb unseres Onlineangebotes im Sinne des Art. 6 Abs. 1 lit. f. DSGVO) das Plugin Jetpack (hier die Unterfunktion \u201eWordpress Stats\u201c), welches ein Tool zur statistischen Auswertung der Besucherzugriffe einbindet und von Automattic Inc., 60 29th Street #343, San Francisco, CA 94110, USA. Jetpack verwendet sog. \u201eCookies\u201c, Textdateien, die auf Ihrem Computer gespeichert werden und die eine Analyse der Benutzung der Website durch Sie erm\u00f6glichen.<\/span>\n\nDie durch das Cookie erzeugten Informationen \u00fcber Ihre Benutzung dieses Onlineangebotes werden auf einem Server in den USA gespeichert. Dabei k\u00f6nnen aus den verarbeiteten Daten Nutzungsprofile der Nutzer erstellt werden, wobei diese nur zu Analyse- und nicht zu Werbezwecken eingesetzt werden. Weitere Informationen erhalten Sie in den Datenschutzerkl\u00e4rungen von Automattic:\u00a0<a href=\"https:\/\/automattic.com\/privacy\/\" target=\"_blank\" rel=\"noopener\">https:\/\/automattic.com\/privacy\/<\/a>\u00a0und Hinweisen zu Jetpack-Cookies:\u00a0<a href=\"https:\/\/jetpack.com\/support\/cookies\/\" target=\"_blank\" rel=\"noopener\">https:\/\/jetpack.com\/support\/cookies\/<\/a>.\n<h3 id=\"dsg-socialmedia\">Onlinepr\u00e4senzen in sozialen Medien<\/h3>\n<span class=\"ts-muster-content\">Wir unterhalten Onlinepr\u00e4senzen innerhalb sozialer Netzwerke und Plattformen, um mit den dort aktiven Kunden, Interessenten und Nutzern kommunizieren und sie dort \u00fcber unsere Leistungen informieren zu k\u00f6nnen. Beim Aufruf der jeweiligen Netzwerke und Plattformen gelten die Gesch\u00e4ftsbedingungen und die Datenverarbeitungsrichtlinien deren jeweiligen Betreiber.<\/span>\n\nSoweit nicht anders im Rahmen unserer Datenschutzerkl\u00e4rung angegeben, verarbeiten wir die Daten der Nutzer sofern diese mit uns innerhalb der sozialen Netzwerke und Plattformen kommunizieren, z.B. Beitr\u00e4ge auf unseren Onlinepr\u00e4senzen verfassen oder uns Nachrichten zusenden.\n<h3 id=\"dsg-thirdparty-einleitung\">Einbindung von Diensten und Inhalten Dritter<\/h3>\n<span class=\"ts-muster-content\">Wir setzen innerhalb unseres Onlineangebotes auf Grundlage unserer berechtigten Interessen (d.h. Interesse an der Analyse, Optimierung und wirtschaftlichem Betrieb unseres Onlineangebotes im Sinne des Art. 6 Abs. 1 lit. f. DSGVO) Inhalts- oder Serviceangebote von Drittanbietern ein, um deren Inhalte und Services, wie z.B. Videos oder Schriftarten einzubinden (nachfolgend einheitlich bezeichnet als \u201cInhalte\u201d).<\/span>\n\nDies setzt immer voraus, dass die Drittanbieter dieser Inhalte, die IP-Adresse der Nutzer wahrnehmen, da sie ohne die IP-Adresse die Inhalte nicht an deren Browser senden k\u00f6nnten. Die IP-Adresse ist damit f\u00fcr die Darstellung dieser Inhalte erforderlich. Wir bem\u00fchen uns nur solche Inhalte zu verwenden, deren jeweilige Anbieter die IP-Adresse lediglich zur Auslieferung der Inhalte verwenden. Drittanbieter k\u00f6nnen ferner so genannte Pixel-Tags (unsichtbare Grafiken, auch als &#8220;Web Beacons&#8221; bezeichnet) f\u00fcr statistische oder Marketingzwecke verwenden. Durch die &#8220;Pixel-Tags&#8221; k\u00f6nnen Informationen, wie der Besucherverkehr auf den Seiten dieser Website ausgewertet werden. Die pseudonymen Informationen k\u00f6nnen ferner in Cookies auf dem Ger\u00e4t der Nutzer gespeichert werden und unter anderem technische Informationen zum Browser und Betriebssystem, verweisende Webseiten, Besuchszeit sowie weitere Angaben zur Nutzung unseres Onlineangebotes enthalten, als auch mit solchen Informationen aus anderen Quellen verbunden werden.\n<h3 id=\"dsg-thirdparty-googlefonts\">Google Fonts<\/h3>\n<span class=\"ts-muster-content\">Wir binden die Schriftarten (&#8220;Google Fonts&#8221;) des Anbieters Google LLC, 1600 Amphitheatre Parkway, Mountain View, CA 94043, USA, ein. Datenschutzerkl\u00e4rung:\u00a0<a href=\"https:\/\/www.google.com\/policies\/privacy\/\" target=\"_blank\" rel=\"noopener\">https:\/\/www.google.com\/policies\/privacy\/<\/a>, Opt-Out:\u00a0<a href=\"https:\/\/adssettings.google.com\/authenticated\" target=\"_blank\" rel=\"noopener\">https:\/\/adssettings.google.com\/authenticated<\/a>.<\/span>\n<h3 id=\"dsg-thirdparty-googlerecaptcha\">Google ReCaptcha<\/h3>\n<span class=\"ts-muster-content\">Wir binden die Funktion zur Erkennung von Bots, z.B. bei Eingaben in Onlineformularen (&#8220;ReCaptcha&#8221;) des Anbieters Google LLC, 1600 Amphitheatre Parkway, Mountain View, CA 94043, USA, ein. Datenschutzerkl\u00e4rung:\u00a0<a href=\"https:\/\/www.google.com\/policies\/privacy\/\" target=\"_blank\" rel=\"noopener\">https:\/\/www.google.com\/policies\/privacy\/<\/a>, Opt-Out:\u00a0<a href=\"https:\/\/adssettings.google.com\/authenticated\" target=\"_blank\" rel=\"noopener\">https:\/\/adssettings.google.com\/authenticated<\/a>.<\/span>\n<h3 id=\"dsg-thirdparty-googlemaps\">Google Maps<\/h3>\n<span class=\"ts-muster-content\">Wir binden die Landkarten des Dienstes \u201cGoogle Maps\u201d des Anbieters Google LLC, 1600 Amphitheatre Parkway, Mountain View, CA 94043, USA, ein. Zu den verarbeiteten Daten k\u00f6nnen insbesondere IP-Adressen und Standortdaten der Nutzer geh\u00f6ren, die jedoch nicht ohne deren Einwilligung (im Regelfall im Rahmen der Einstellungen ihrer Mobilger\u00e4te vollzogen), erhoben werden. Die Daten k\u00f6nnen in den USA verarbeitet werden. Datenschutzerkl\u00e4rung:\u00a0<a href=\"https:\/\/www.google.com\/policies\/privacy\/\" target=\"_blank\" rel=\"noopener\">https:\/\/www.google.com\/policies\/privacy\/<\/a>, Opt-Out:\u00a0<a href=\"https:\/\/adssettings.google.com\/authenticated\" target=\"_blank\" rel=\"noopener\">https:\/\/adssettings.google.com\/authenticated<\/a>.<\/span>\n\n<a class=\"dsg1-5\" href=\"https:\/\/datenschutz-generator.de\/\" target=\"_blank\" rel=\"nofollow noopener\">Erstellt mit Datenschutz-Generator.de von RA Dr. Thomas Schwenke<\/a>\t\t\t\t\t\t<\/div>\n\t\t\t\t<\/div>\n\t\t\t\t<\/div>\n\t\t\t\t\t<\/div>\n\t\t\t\t<\/div>\n\t\t\t\t\t<\/div>\n\t\t<\/div>\n\t\t\t\t\t\t\t<\/div>\n\t\t<\/section>\n\t\t\t\t\t\t\t<\/div>\n\t\t","protected":false},"excerpt":{"rendered":"<p>DIALOG UND INSPIRATION INTROVISION: wenn Ver\u00e4nderungen in den Blick genommen werden wollen wenn wichtige Entscheidungen anstehen wenn Gelassenheit wachsen m\u00f6chte\u00a0 damit ich immer mehr Gestalterin meines Lebens werde. Im Gespr\u00e4ch neue Wege gehen, L\u00f6sungen finden oder einfach bereichert sein. Dialog und Inspiration, zwei Qualit\u00e4ten, die ver\u00e4ndern. Dialog miteinander oder mit mir selbst. Inspiration von au\u00dfen [&hellip;]<\/p>\n","protected":false},"author":1,"featured_media":0,"parent":0,"menu_order":0,"comment_status":"closed","ping_status":"closed","template":"","meta":[],"_links":{"self":[{"href":"https:\/\/www.textundgestalt.de\/index.php?rest_route=\/wp\/v2\/pages\/2"}],"collection":[{"href":"https:\/\/www.textundgestalt.de\/index.php?rest_route=\/wp\/v2\/pages"}],"about":[{"href":"https:\/\/www.textundgestalt.de\/index.php?rest_route=\/wp\/v2\/types\/page"}],"author":[{"embeddable":true,"href":"https:\/\/www.textundgestalt.de\/index.php?rest_route=\/wp\/v2\/users\/1"}],"replies":[{"embeddable":true,"href":"https:\/\/www.textundgestalt.de\/index.php?rest_route=%2Fwp%2Fv2%2Fcomments&post=2"}],"version-history":[{"count":160,"href":"https:\/\/www.textundgestalt.de\/index.php?rest_route=\/wp\/v2\/pages\/2\/revisions"}],"predecessor-version":[{"id":225,"href":"https:\/\/www.textundgestalt.de\/index.php?rest_route=\/wp\/v2\/pages\/2\/revisions\/225"}],"wp:attachment":[{"href":"https:\/\/www.textundgestalt.de\/index.php?rest_route=%2Fwp%2Fv2%2Fmedia&parent=2"}],"curies":[{"name":"wp","href":"https:\/\/api.w.org\/{rel}","templated":true}]}}